{"id":85168,"date":"2023-10-19T13:54:46","date_gmt":"2023-10-19T11:54:46","guid":{"rendered":"https:\/\/www.csl.lu\/calendar-event\/conference-numerisation-et-utilisation-de-lintelligence-artificielle-le-monde-du-travail-en-mutation\/"},"modified":"2023-11-13T09:20:32","modified_gmt":"2023-11-13T08:20:32","slug":"conference-numerisation-et-utilisation-de-lintelligence-artificielle-le-monde-du-travail-en-mutation","status":"publish","type":"tribe_events","link":"https:\/\/www.csl.lu\/de\/calendar-event\/conference-numerisation-et-utilisation-de-lintelligence-artificielle-le-monde-du-travail-en-mutation\/","title":{"rendered":"Konferenz : Digitalisierung und Einsatz von K\u00fcnstlicher Intelligenz &#8211; Arbeitsverh\u00e4ltnisse im Wandel"},"content":{"rendered":"<h2><img loading=\"lazy\" decoding=\"async\" class=\"alignnone wp-image-84434\" src=\"https:\/\/www.csl.lu\/app\/uploads\/2023\/10\/conference_ai-300x157.png\" alt=\"\" width=\"595\" height=\"311\" srcset=\"https:\/\/www.csl.lu\/app\/uploads\/2023\/10\/conference_ai-300x157.png 300w, https:\/\/www.csl.lu\/app\/uploads\/2023\/10\/conference_ai-1024x534.png 1024w, https:\/\/www.csl.lu\/app\/uploads\/2023\/10\/conference_ai-768x401.png 768w, https:\/\/www.csl.lu\/app\/uploads\/2023\/10\/conference_ai-1536x801.png 1536w, https:\/\/www.csl.lu\/app\/uploads\/2023\/10\/conference_ai-2048x1068.png 2048w\" sizes=\"auto, (max-width: 595px) 100vw, 595px\" \/><\/h2>\n<h2>Digitalisierung und Einsatz von K\u00fcnstlicher Intelligenz &#8211;<\/h2>\n<h2>Arbeitsverh\u00e4ltnisse im Wandel<\/h2>\n<p><strong>Datum :<\/strong> Mittwoch, 29 November 2023 um 18:30<\/p>\n<p><strong>Ort :<\/strong>\u00a0Chambre des salari\u00e9s, 2-4 rue Pierre Hentges, L-1726 Luxembourg<\/p>\n<p>&nbsp;<\/p>\n<p>mit <strong>Kathrin Hartmann, <\/strong>die integrative Sozialwissenschaften mit Schwerpunkt Politik, Wirtschaft und Ethik studiert hat.<\/p>\n<p>&nbsp;<\/p>\n<p><strong>Thema der Konferenz :<\/strong><\/p>\n<p>Digitale Systeme und Systeme mit K\u00fcnstlicher Intelligenz begleiten viele Menschen bereits durch ihren privaten Alltag. Wir nutzen Navigationssysteme, folgen Kaufempfehlungen im Bereich des OnlineHandels und lesen Nachrichten, die uns basierend auf zuvor angeklickten Beitr\u00e4gen empfohlen werden.<\/p>\n<p>Ein Blick in die Arbeitswelt zeigt: Auch hier wird verst\u00e4rkt auf den Einsatz solcher Technologien gesetzt. In diesem Zusammenhang m\u00fcssen Arbeitsaufgaben verstanden werden als Zusammenspiel aus drei Komponenten: Mensch, Technik und Arbeitsorganisation. Ver\u00e4ndert sich eine der Komponenten, ver\u00e4ndern sich die anderen beiden Komponenten mit ihr. So kann etwa der Einsatz von Robotern im Produktionsumfeld monotone Arbeiten abnehmen und schafft auf diese Weise mehr Zeit f\u00fcr die Erledigung komplexerer Aufgaben durch den Menschen. Gleichwohl entstehen durch die Einf\u00fchrung neuer Technologien auch Herausforderungen, die es m\u00f6glichst fr\u00fchzeitig zu bew\u00e4ltigen gilt.<\/p>\n<p>Ziel des Vortrags ist es, den Zuh\u00f6renden ein Verst\u00e4ndnis \u00fcber die M\u00f6glichkeiten und Grenzen des Einsatzes von digitalen Systemen und KI-Systemen im Beruf zu vermitteln. Im Vordergrund steht dabei, das KI-System als Werkzeug zu begreifen, \u00fcber dessen Anwendung der Mensch die Letztentscheidung treffen kann und muss.<\/p>\n<p>Weiterhin werden neue Anforderungen an Besch\u00e4ftigte und die ver\u00e4nderten Bedingungen der Arbeitsorganisation diskutiert, die sich durch die rasche Entwicklung von neuen Technologien ergeben.<\/p>\n<p>Praxisnahe Beispiele aus unterschiedlichen Branchen \u00f6ffnen einen Raum f\u00fcr gemeinsame Diskussionen im Anschluss.<\/p>\n<p>&nbsp;<\/p>\n<p><a href=\"https:\/\/www.csl.lu\/app\/uploads\/2023\/10\/20231129_csl_2023_conference_ki_web.pdf\" target=\"_blank\" rel=\"noopener\">Weitere Informationen<\/a><\/p>\n<p>Die Konferenzsprache ist Deutsch.<\/p>\n<p><img loading=\"lazy\" decoding=\"async\" class=\"alignnone wp-image-84441\" src=\"https:\/\/www.csl.lu\/app\/uploads\/2023\/10\/logos_csl_aksaar-300x46.png\" alt=\"\" width=\"437\" height=\"67\" srcset=\"https:\/\/www.csl.lu\/app\/uploads\/2023\/10\/logos_csl_aksaar-300x46.png 300w, https:\/\/www.csl.lu\/app\/uploads\/2023\/10\/logos_csl_aksaar-1024x158.png 1024w, https:\/\/www.csl.lu\/app\/uploads\/2023\/10\/logos_csl_aksaar-768x119.png 768w, https:\/\/www.csl.lu\/app\/uploads\/2023\/10\/logos_csl_aksaar-1536x238.png 1536w, https:\/\/www.csl.lu\/app\/uploads\/2023\/10\/logos_csl_aksaar.png 1655w\" sizes=\"auto, (max-width: 437px) 100vw, 437px\" \/><\/p>\n","protected":false},"excerpt":{"rendered":"<p>Digitalisierung und Einsatz von K\u00fcnstlicher Intelligenz &#8211; Arbeitsverh\u00e4ltnisse im Wandel Datum : Mittwoch, 29 November 2023 um 18:30 Ort :\u00a0Chambre des salari\u00e9s, 2-4 rue Pierre Hentges, L-1726 Luxembourg &nbsp; mit [&hellip;]<\/p>\n","protected":false},"author":12,"featured_media":0,"template":"","meta":{"_acf_changed":false,"_tec_requires_first_save":false,"inline_featured_image":false,"_price":"","_stock":"","_tribe_ticket_header":"","_tribe_default_ticket_provider":"","_tribe_ticket_capacity":"0","_ticket_start_date":"","_ticket_end_date":"","_tribe_ticket_show_description":"","_tribe_ticket_show_not_going":false,"_tribe_ticket_use_global_stock":"","_tribe_ticket_global_stock_level":"","_global_stock_mode":"","_global_stock_cap":"","_tribe_rsvp_for_event":"","_tribe_ticket_going_count":"","_tribe_ticket_not_going_count":"","_tribe_tickets_list":"[]","_tribe_ticket_has_attendee_info_fields":false,"_EventAllDay":false,"_EventTimezone":"Europe\/Paris","_EventStartDate":"2023-11-29 18:30:00","_EventEndDate":"2023-11-29 20:00:00","_EventStartDateUTC":"2023-11-29 17:30:00","_EventEndDateUTC":"2023-11-29 19:00:00","_EventShowMap":false,"_EventShowMapLink":true,"_EventURL":"","_EventCost":"0","_EventCostDescription":"","_EventCurrencySymbol":"","_EventCurrencyCode":"","_EventCurrencyPosition":"","_EventDateTimeSeparator":"","_EventTimeRangeSeparator":"","_EventOrganizerID":[44885],"_EventVenueID":[44984],"_OrganizerEmail":"","_OrganizerPhone":"","_OrganizerWebsite":"","_VenueAddress":"","_VenueCity":"","_VenueCountry":"","_VenueProvince":"","_VenueState":"","_VenueZip":"","_VenuePhone":"","_VenueURL":"","_VenueStateProvince":"","_VenueLat":"","_VenueLng":"","_VenueShowMap":false,"_VenueShowMapLink":false,"_tribe_blocks_recurrence_rules":"","_tribe_blocks_recurrence_description":"","_tribe_blocks_recurrence_exclusions":"","_tribe_events_status":"","_tribe_events_status_reason":"","_tribe_events_is_hybrid":"","_tribe_events_is_virtual":"","_tribe_events_virtual_video_source":"","_tribe_events_virtual_embed_video":"","_tribe_events_virtual_linked_button_text":"","_tribe_events_virtual_linked_button":"","_tribe_events_virtual_show_embed_at":"","_tribe_events_virtual_show_embed_to":[],"_tribe_events_virtual_show_on_event":"","_tribe_events_virtual_show_on_views":"","_tribe_events_virtual_url":"","footnotes":"","_tec_slr_enabled":"","_tec_slr_layout":""},"tags":[],"tribe_events_cat":[],"class_list":["post-85168","tribe_events","type-tribe_events","status-publish","hentry"],"acf":[],"yoast_head":"<!-- This site is optimized with the Yoast SEO plugin v27.4 - https:\/\/yoast.com\/product\/yoast-seo-wordpress\/ -->\n<title>Konferenz : Digitalisierung und Einsatz von K\u00fcnstlicher Intelligenz - Arbeitsverh\u00e4ltnisse im Wandel - Chambre des salari\u00e9s - CSL<\/title>\n<meta name=\"robots\" content=\"index, follow, max-snippet:-1, max-image-preview:large, max-video-preview:-1\" \/>\n<link rel=\"canonical\" href=\"https:\/\/www.csl.lu\/de\/calendar-event\/conference-numerisation-et-utilisation-de-lintelligence-artificielle-le-monde-du-travail-en-mutation\/\" \/>\n<meta property=\"og:locale\" content=\"de_DE\" \/>\n<meta property=\"og:type\" content=\"article\" \/>\n<meta property=\"og:title\" content=\"Konferenz : Digitalisierung und Einsatz von K\u00fcnstlicher Intelligenz - Arbeitsverh\u00e4ltnisse im Wandel - Chambre des salari\u00e9s - CSL\" \/>\n<meta property=\"og:description\" content=\"Digitalisierung und Einsatz von K\u00fcnstlicher Intelligenz &#8211; Arbeitsverh\u00e4ltnisse im Wandel Datum : Mittwoch, 29 November 2023 um 18:30 Ort :\u00a0Chambre des salari\u00e9s, 2-4 rue Pierre Hentges, L-1726 Luxembourg &nbsp; mit [&hellip;]\" \/>\n<meta property=\"og:url\" content=\"https:\/\/www.csl.lu\/de\/calendar-event\/conference-numerisation-et-utilisation-de-lintelligence-artificielle-le-monde-du-travail-en-mutation\/\" \/>\n<meta property=\"og:site_name\" content=\"Chambre des salari\u00e9s - CSL\" \/>\n<meta property=\"article:modified_time\" content=\"2023-11-13T08:20:32+00:00\" \/>\n<meta property=\"og:image\" content=\"https:\/\/www.csl.lu\/app\/themes\/csl\/img\/csl_defaut_photo_batiment.jpg\" \/><meta property=\"og:image\" content=\"https:\/\/www.csl.lu\/app\/uploads\/2023\/10\/conference_ai-300x157.png\" \/>\n<meta name=\"twitter:card\" content=\"summary_large_image\" \/>\n<meta name=\"twitter:image\" content=\"https:\/\/www.csl.lu\/app\/themes\/csl\/img\/csl_defaut_photo_batiment.jpg\" \/>\n<meta name=\"twitter:label1\" content=\"Est. reading time\" \/>\n\t<meta name=\"twitter:data1\" content=\"2 minutes\" \/>\n<script type=\"application\/ld+json\" class=\"yoast-schema-graph\">{\"@context\":\"https:\\\/\\\/schema.org\",\"@graph\":[{\"@type\":\"WebPage\",\"@id\":\"https:\\\/\\\/www.csl.lu\\\/de\\\/calendar-event\\\/conference-numerisation-et-utilisation-de-lintelligence-artificielle-le-monde-du-travail-en-mutation\\\/\",\"url\":\"https:\\\/\\\/www.csl.lu\\\/de\\\/calendar-event\\\/conference-numerisation-et-utilisation-de-lintelligence-artificielle-le-monde-du-travail-en-mutation\\\/\",\"name\":\"Konferenz : Digitalisierung und Einsatz von K\u00fcnstlicher Intelligenz - Arbeitsverh\u00e4ltnisse im Wandel - Chambre des salari\u00e9s - CSL\",\"isPartOf\":{\"@id\":\"https:\\\/\\\/www.csl.lu\\\/fr\\\/#website\"},\"primaryImageOfPage\":{\"@id\":\"https:\\\/\\\/www.csl.lu\\\/de\\\/calendar-event\\\/conference-numerisation-et-utilisation-de-lintelligence-artificielle-le-monde-du-travail-en-mutation\\\/#primaryimage\"},\"image\":{\"@id\":\"https:\\\/\\\/www.csl.lu\\\/de\\\/calendar-event\\\/conference-numerisation-et-utilisation-de-lintelligence-artificielle-le-monde-du-travail-en-mutation\\\/#primaryimage\"},\"thumbnailUrl\":\"https:\\\/\\\/www.csl.lu\\\/app\\\/uploads\\\/2023\\\/10\\\/conference_ai-300x157.png\",\"datePublished\":\"2023-10-19T11:54:46+00:00\",\"dateModified\":\"2023-11-13T08:20:32+00:00\",\"breadcrumb\":{\"@id\":\"https:\\\/\\\/www.csl.lu\\\/de\\\/calendar-event\\\/conference-numerisation-et-utilisation-de-lintelligence-artificielle-le-monde-du-travail-en-mutation\\\/#breadcrumb\"},\"inLanguage\":\"de-DE\",\"potentialAction\":[{\"@type\":\"ReadAction\",\"target\":[\"https:\\\/\\\/www.csl.lu\\\/de\\\/calendar-event\\\/conference-numerisation-et-utilisation-de-lintelligence-artificielle-le-monde-du-travail-en-mutation\\\/\"]}]},{\"@type\":\"ImageObject\",\"inLanguage\":\"de-DE\",\"@id\":\"https:\\\/\\\/www.csl.lu\\\/de\\\/calendar-event\\\/conference-numerisation-et-utilisation-de-lintelligence-artificielle-le-monde-du-travail-en-mutation\\\/#primaryimage\",\"url\":\"https:\\\/\\\/www.csl.lu\\\/app\\\/uploads\\\/2023\\\/10\\\/conference_ai-300x157.png\",\"contentUrl\":\"https:\\\/\\\/www.csl.lu\\\/app\\\/uploads\\\/2023\\\/10\\\/conference_ai-300x157.png\"},{\"@type\":\"BreadcrumbList\",\"@id\":\"https:\\\/\\\/www.csl.lu\\\/de\\\/calendar-event\\\/conference-numerisation-et-utilisation-de-lintelligence-artificielle-le-monde-du-travail-en-mutation\\\/#breadcrumb\",\"itemListElement\":[{\"@type\":\"ListItem\",\"position\":1,\"name\":\"Startseite\",\"item\":\"https:\\\/\\\/www.csl.lu\\\/de\\\/\"},{\"@type\":\"ListItem\",\"position\":2,\"name\":\"\u00c9v\u00e8nements\",\"item\":\"https:\\\/\\\/www.csl.lu\\\/fr\\\/calendar-events\\\/\"},{\"@type\":\"ListItem\",\"position\":3,\"name\":\"Konferenz : Digitalisierung und Einsatz von K\u00fcnstlicher Intelligenz &#8211; Arbeitsverh\u00e4ltnisse im Wandel\"}]},{\"@type\":\"WebSite\",\"@id\":\"https:\\\/\\\/www.csl.lu\\\/fr\\\/#website\",\"url\":\"https:\\\/\\\/www.csl.lu\\\/fr\\\/\",\"name\":\"Chambre des salari\u00e9s - CSL\",\"description\":\"La CSL d\u00e9fend les int\u00e9r\u00eats des salari\u00e9s et des retrait\u00e9s\",\"potentialAction\":[{\"@type\":\"SearchAction\",\"target\":{\"@type\":\"EntryPoint\",\"urlTemplate\":\"https:\\\/\\\/www.csl.lu\\\/fr\\\/?s={search_term_string}\"},\"query-input\":{\"@type\":\"PropertyValueSpecification\",\"valueRequired\":true,\"valueName\":\"search_term_string\"}}],\"inLanguage\":\"de-DE\"}]}<\/script>\n<!-- \/ Yoast SEO plugin. -->","yoast_head_json":{"title":"Konferenz : Digitalisierung und Einsatz von K\u00fcnstlicher Intelligenz - Arbeitsverh\u00e4ltnisse im Wandel - Chambre des salari\u00e9s - CSL","robots":{"index":"index","follow":"follow","max-snippet":"max-snippet:-1","max-image-preview":"max-image-preview:large","max-video-preview":"max-video-preview:-1"},"canonical":"https:\/\/www.csl.lu\/de\/calendar-event\/conference-numerisation-et-utilisation-de-lintelligence-artificielle-le-monde-du-travail-en-mutation\/","og_locale":"de_DE","og_type":"article","og_title":"Konferenz : Digitalisierung und Einsatz von K\u00fcnstlicher Intelligenz - Arbeitsverh\u00e4ltnisse im Wandel - Chambre des salari\u00e9s - CSL","og_description":"Digitalisierung und Einsatz von K\u00fcnstlicher Intelligenz &#8211; Arbeitsverh\u00e4ltnisse im Wandel Datum : Mittwoch, 29 November 2023 um 18:30 Ort :\u00a0Chambre des salari\u00e9s, 2-4 rue Pierre Hentges, L-1726 Luxembourg &nbsp; mit [&hellip;]","og_url":"https:\/\/www.csl.lu\/de\/calendar-event\/conference-numerisation-et-utilisation-de-lintelligence-artificielle-le-monde-du-travail-en-mutation\/","og_site_name":"Chambre des salari\u00e9s - CSL","article_modified_time":"2023-11-13T08:20:32+00:00","og_image":[{"url":"https:\/\/www.csl.lu\/app\/themes\/csl\/img\/csl_defaut_photo_batiment.jpg","type":"","width":"","height":""},{"url":"https:\/\/www.csl.lu\/app\/uploads\/2023\/10\/conference_ai-300x157.png","type":"","width":"","height":""}],"twitter_card":"summary_large_image","twitter_image":"https:\/\/www.csl.lu\/app\/themes\/csl\/img\/csl_defaut_photo_batiment.jpg","twitter_misc":{"Est. reading time":"2 minutes"},"schema":{"@context":"https:\/\/schema.org","@graph":[{"@type":"WebPage","@id":"https:\/\/www.csl.lu\/de\/calendar-event\/conference-numerisation-et-utilisation-de-lintelligence-artificielle-le-monde-du-travail-en-mutation\/","url":"https:\/\/www.csl.lu\/de\/calendar-event\/conference-numerisation-et-utilisation-de-lintelligence-artificielle-le-monde-du-travail-en-mutation\/","name":"Konferenz : Digitalisierung und Einsatz von K\u00fcnstlicher Intelligenz - Arbeitsverh\u00e4ltnisse im Wandel - Chambre des salari\u00e9s - CSL","isPartOf":{"@id":"https:\/\/www.csl.lu\/fr\/#website"},"primaryImageOfPage":{"@id":"https:\/\/www.csl.lu\/de\/calendar-event\/conference-numerisation-et-utilisation-de-lintelligence-artificielle-le-monde-du-travail-en-mutation\/#primaryimage"},"image":{"@id":"https:\/\/www.csl.lu\/de\/calendar-event\/conference-numerisation-et-utilisation-de-lintelligence-artificielle-le-monde-du-travail-en-mutation\/#primaryimage"},"thumbnailUrl":"https:\/\/www.csl.lu\/app\/uploads\/2023\/10\/conference_ai-300x157.png","datePublished":"2023-10-19T11:54:46+00:00","dateModified":"2023-11-13T08:20:32+00:00","breadcrumb":{"@id":"https:\/\/www.csl.lu\/de\/calendar-event\/conference-numerisation-et-utilisation-de-lintelligence-artificielle-le-monde-du-travail-en-mutation\/#breadcrumb"},"inLanguage":"de-DE","potentialAction":[{"@type":"ReadAction","target":["https:\/\/www.csl.lu\/de\/calendar-event\/conference-numerisation-et-utilisation-de-lintelligence-artificielle-le-monde-du-travail-en-mutation\/"]}]},{"@type":"ImageObject","inLanguage":"de-DE","@id":"https:\/\/www.csl.lu\/de\/calendar-event\/conference-numerisation-et-utilisation-de-lintelligence-artificielle-le-monde-du-travail-en-mutation\/#primaryimage","url":"https:\/\/www.csl.lu\/app\/uploads\/2023\/10\/conference_ai-300x157.png","contentUrl":"https:\/\/www.csl.lu\/app\/uploads\/2023\/10\/conference_ai-300x157.png"},{"@type":"BreadcrumbList","@id":"https:\/\/www.csl.lu\/de\/calendar-event\/conference-numerisation-et-utilisation-de-lintelligence-artificielle-le-monde-du-travail-en-mutation\/#breadcrumb","itemListElement":[{"@type":"ListItem","position":1,"name":"Startseite","item":"https:\/\/www.csl.lu\/de\/"},{"@type":"ListItem","position":2,"name":"\u00c9v\u00e8nements","item":"https:\/\/www.csl.lu\/fr\/calendar-events\/"},{"@type":"ListItem","position":3,"name":"Konferenz : Digitalisierung und Einsatz von K\u00fcnstlicher Intelligenz &#8211; Arbeitsverh\u00e4ltnisse im Wandel"}]},{"@type":"WebSite","@id":"https:\/\/www.csl.lu\/fr\/#website","url":"https:\/\/www.csl.lu\/fr\/","name":"Chambre des salari\u00e9s - CSL","description":"La CSL d\u00e9fend les int\u00e9r\u00eats des salari\u00e9s et des retrait\u00e9s","potentialAction":[{"@type":"SearchAction","target":{"@type":"EntryPoint","urlTemplate":"https:\/\/www.csl.lu\/fr\/?s={search_term_string}"},"query-input":{"@type":"PropertyValueSpecification","valueRequired":true,"valueName":"search_term_string"}}],"inLanguage":"de-DE"}]}},"ticketed":["rsvp"],"_links":{"self":[{"href":"https:\/\/www.csl.lu\/de\/wp-json\/wp\/v2\/tribe_events\/85168","targetHints":{"allow":["GET"]}}],"collection":[{"href":"https:\/\/www.csl.lu\/de\/wp-json\/wp\/v2\/tribe_events"}],"about":[{"href":"https:\/\/www.csl.lu\/de\/wp-json\/wp\/v2\/types\/tribe_events"}],"author":[{"embeddable":true,"href":"https:\/\/www.csl.lu\/de\/wp-json\/wp\/v2\/users\/12"}],"version-history":[{"count":3,"href":"https:\/\/www.csl.lu\/de\/wp-json\/wp\/v2\/tribe_events\/85168\/revisions"}],"predecessor-version":[{"id":85179,"href":"https:\/\/www.csl.lu\/de\/wp-json\/wp\/v2\/tribe_events\/85168\/revisions\/85179"}],"wp:attachment":[{"href":"https:\/\/www.csl.lu\/de\/wp-json\/wp\/v2\/media?parent=85168"}],"wp:term":[{"taxonomy":"post_tag","embeddable":true,"href":"https:\/\/www.csl.lu\/de\/wp-json\/wp\/v2\/tags?post=85168"},{"taxonomy":"tribe_events_cat","embeddable":true,"href":"https:\/\/www.csl.lu\/de\/wp-json\/wp\/v2\/tribe_events_cat?post=85168"}],"curies":[{"name":"wp","href":"https:\/\/api.w.org\/{rel}","templated":true}]}}