{"id":124402,"date":"2026-04-29T14:18:00","date_gmt":"2026-04-29T12:18:00","guid":{"rendered":"https:\/\/www.csl.lu\/?post_type=tribe_events&#038;p=124402"},"modified":"2026-04-29T16:42:37","modified_gmt":"2026-04-29T14:42:37","slug":"lecture-du-7-mai-2026-les-naufrages-le-petit-singulier-des-frontaliers-du-luxembourg","status":"publish","type":"tribe_events","link":"https:\/\/www.csl.lu\/fr\/calendar-event\/lecture-du-7-mai-2026-les-naufrages-le-petit-singulier-des-frontaliers-du-luxembourg\/","title":{"rendered":"Lecture du 7 mai 2026 : Les naufrag\u00e9s &#8211; le Petit Singulier des frontaliers du Luxembourg"},"content":{"rendered":"<h2><img loading=\"lazy\" decoding=\"async\" class=\"alignnone wp-image-124420\" src=\"https:\/\/www.csl.lu\/app\/uploads\/2026\/04\/lecture_csl_naufrages-300x140.jpg\" alt=\"\" width=\"630\" height=\"294\" srcset=\"https:\/\/www.csl.lu\/app\/uploads\/2026\/04\/lecture_csl_naufrages-300x140.jpg 300w, https:\/\/www.csl.lu\/app\/uploads\/2026\/04\/lecture_csl_naufrages-1024x478.jpg 1024w, https:\/\/www.csl.lu\/app\/uploads\/2026\/04\/lecture_csl_naufrages-768x358.jpg 768w, https:\/\/www.csl.lu\/app\/uploads\/2026\/04\/lecture_csl_naufrages.jpg 1200w\" sizes=\"auto, (max-width: 630px) 100vw, 630px\" \/><\/h2>\n<h2>LES NAUFRAG\u00c9S<br \/>\nLe Petit Singulier des frontaliers du Luxembourg<\/h2>\n<p>&nbsp;<\/p>\n<p><strong>Date :<\/strong> Jeudi, 7 mai 2026 \u00e0 18h30<\/p>\n<p><strong>Lieu :<\/strong>\u00a0Chambre des salari\u00e9s, 2-4 rue Pierre Hentges, L-1726 Luxembourg<\/p>\n<p>&nbsp;<\/p>\n<p>avec <strong>Pierre TH\u00c9OBALD,<\/strong> journaliste, auteur, et accessoirement usager de la ligne Metz-Thionville-Luxembourg<\/p>\n<p>et<\/p>\n<p>avec <strong>Yan LINDINGRE,<\/strong> dessinateur de presse, auteur de bande dessin\u00e9e fran\u00e7ais, ancien r\u00e9dacteur en chef de <em>Fluide glacial<\/em>, collaborant notamment avec <em>L\u2019\u00c9quipe, Lib\u00e9ration et Le Canard encha\u00een\u00e9<\/em><\/p>\n<p>&nbsp;<\/p>\n<p><strong>Th\u00e8me :<\/strong><\/p>\n<p><strong>Pour des dizaines de milliers de salari\u00e9s lorrains<\/strong>, s\u2019en aller bosser au Luxembourg r\u00e9clame chaque matin de prendre son courage \u00e0 deux mains, et chaque soir son mal en patience. Ceux qui optent pour le train n\u2019\u00e9vitent pas la course d\u2019obstacles : \u00e0 bord, impr\u00e9vus et pens\u00e9es suicidaires sont plus probables qu\u2019une place assise deux fois dans la m\u00eame journ\u00e9e. Ce guide prend le parti d\u2019en rire. Il s\u2019adresse aux frontaliers\u2026 comme \u00e0 tous ceux qui doivent les supporter !<\/p>\n<p>&nbsp;<\/p>\n<p><em>La lecture aura lieu en fran\u00e7ais.<\/em><\/p>\n<p><a href=\"https:\/\/www.csl.lu\/app\/uploads\/2026\/04\/2026-05-07-les-naufrages-lecture.pdf\" target=\"_blank\" rel=\"noopener\"><span style=\"text-decoration: underline;\">Invitation<\/span><\/a><\/p>\n","protected":false},"excerpt":{"rendered":"<p>LES NAUFRAG\u00c9S Le Petit Singulier des frontaliers du Luxembourg &nbsp; Date : Jeudi, 7 mai 2026 \u00e0 18h30 Lieu :\u00a0Chambre des salari\u00e9s, 2-4 rue Pierre Hentges, L-1726 Luxembourg &nbsp; avec [&hellip;]<\/p>\n","protected":false},"author":12,"featured_media":0,"template":"","meta":{"_acf_changed":false,"_tec_requires_first_save":false,"inline_featured_image":false,"_price":"","_stock":"","_tribe_ticket_header":"","_tribe_default_ticket_provider":"","_tribe_ticket_capacity":"0","_ticket_start_date":"","_ticket_end_date":"","_tribe_ticket_show_description":"","_tribe_ticket_show_not_going":false,"_tribe_ticket_use_global_stock":"","_tribe_ticket_global_stock_level":"","_global_stock_mode":"","_global_stock_cap":"","_tribe_rsvp_for_event":"","_tribe_ticket_going_count":"","_tribe_ticket_not_going_count":"","_tribe_tickets_list":"[]","_tribe_ticket_has_attendee_info_fields":false,"_EventAllDay":false,"_EventTimezone":"Europe\/Paris","_EventStartDate":"2026-05-07 18:30:00","_EventEndDate":"2026-05-07 20:00:00","_EventStartDateUTC":"2026-05-07 16:30:00","_EventEndDateUTC":"2026-05-07 18:00:00","_EventShowMap":false,"_EventShowMapLink":true,"_EventURL":"","_EventCost":"0","_EventCostDescription":"","_EventCurrencySymbol":"","_EventCurrencyCode":"","_EventCurrencyPosition":"","_EventDateTimeSeparator":"","_EventTimeRangeSeparator":"","_EventOrganizerID":[44885],"_EventVenueID":[44984],"_OrganizerEmail":"","_OrganizerPhone":"","_OrganizerWebsite":"","_VenueAddress":"","_VenueCity":"","_VenueCountry":"","_VenueProvince":"","_VenueState":"","_VenueZip":"","_VenuePhone":"","_VenueURL":"","_VenueStateProvince":"","_VenueLat":"","_VenueLng":"","_VenueShowMap":false,"_VenueShowMapLink":false,"_tribe_blocks_recurrence_rules":"","_tribe_blocks_recurrence_description":"","_tribe_blocks_recurrence_exclusions":"","_tribe_events_status":"","_tribe_events_status_reason":"","_tribe_events_is_hybrid":"","_tribe_events_is_virtual":"","_tribe_events_virtual_video_source":"","_tribe_events_virtual_embed_video":"","_tribe_events_virtual_linked_button_text":"","_tribe_events_virtual_linked_button":"","_tribe_events_virtual_show_embed_at":"","_tribe_events_virtual_show_embed_to":[],"_tribe_events_virtual_show_on_event":"","_tribe_events_virtual_show_on_views":"","_tribe_events_virtual_url":"","footnotes":"","_tec_slr_enabled":"","_tec_slr_layout":""},"tags":[],"tribe_events_cat":[],"class_list":["post-124402","tribe_events","type-tribe_events","status-publish","hentry"],"acf":[],"yoast_head":"<!-- This site is optimized with the Yoast SEO plugin v27.4 - https:\/\/yoast.com\/product\/yoast-seo-wordpress\/ -->\n<title>Lecture du 7 mai 2026 : Les naufrag\u00e9s - le Petit Singulier des frontaliers du Luxembourg - Chambre des salari\u00e9s - CSL<\/title>\n<meta name=\"robots\" content=\"index, follow, max-snippet:-1, max-image-preview:large, max-video-preview:-1\" \/>\n<link rel=\"canonical\" href=\"https:\/\/www.csl.lu\/fr\/calendar-event\/lecture-du-7-mai-2026-les-naufrages-le-petit-singulier-des-frontaliers-du-luxembourg\/\" \/>\n<meta property=\"og:locale\" content=\"fr_FR\" \/>\n<meta property=\"og:type\" content=\"article\" \/>\n<meta property=\"og:title\" content=\"Lecture du 7 mai 2026 : Les naufrag\u00e9s - le Petit Singulier des frontaliers du Luxembourg - Chambre des salari\u00e9s - CSL\" \/>\n<meta property=\"og:description\" content=\"LES NAUFRAG\u00c9S Le Petit Singulier des frontaliers du Luxembourg &nbsp; Date : Jeudi, 7 mai 2026 \u00e0 18h30 Lieu :\u00a0Chambre des salari\u00e9s, 2-4 rue Pierre Hentges, L-1726 Luxembourg &nbsp; avec [&hellip;]\" \/>\n<meta property=\"og:url\" content=\"https:\/\/www.csl.lu\/fr\/calendar-event\/lecture-du-7-mai-2026-les-naufrages-le-petit-singulier-des-frontaliers-du-luxembourg\/\" \/>\n<meta property=\"og:site_name\" content=\"Chambre des salari\u00e9s - CSL\" \/>\n<meta property=\"article:modified_time\" content=\"2026-04-29T14:42:37+00:00\" \/>\n<meta property=\"og:image\" content=\"https:\/\/www.csl.lu\/app\/themes\/csl\/img\/csl_defaut_photo_batiment.jpg\" \/><meta property=\"og:image\" content=\"https:\/\/www.csl.lu\/app\/uploads\/2026\/04\/lecture_csl_naufrages.jpg\" \/>\n\t<meta property=\"og:image:width\" content=\"1200\" \/>\n\t<meta property=\"og:image:height\" content=\"560\" \/>\n\t<meta property=\"og:image:type\" content=\"image\/jpeg\" \/>\n<meta name=\"twitter:card\" content=\"summary_large_image\" \/>\n<meta name=\"twitter:image\" content=\"https:\/\/www.csl.lu\/app\/themes\/csl\/img\/csl_defaut_photo_batiment.jpg\" \/>\n<meta name=\"twitter:label1\" content=\"Est. reading time\" \/>\n\t<meta name=\"twitter:data1\" content=\"1 minute\" \/>\n<script type=\"application\/ld+json\" class=\"yoast-schema-graph\">{\"@context\":\"https:\\\/\\\/schema.org\",\"@graph\":[{\"@type\":\"WebPage\",\"@id\":\"https:\\\/\\\/www.csl.lu\\\/fr\\\/calendar-event\\\/lecture-du-7-mai-2026-les-naufrages-le-petit-singulier-des-frontaliers-du-luxembourg\\\/\",\"url\":\"https:\\\/\\\/www.csl.lu\\\/fr\\\/calendar-event\\\/lecture-du-7-mai-2026-les-naufrages-le-petit-singulier-des-frontaliers-du-luxembourg\\\/\",\"name\":\"Lecture du 7 mai 2026 : Les naufrag\u00e9s - le Petit Singulier des frontaliers du Luxembourg - Chambre des salari\u00e9s - CSL\",\"isPartOf\":{\"@id\":\"https:\\\/\\\/www.csl.lu\\\/fr\\\/#website\"},\"primaryImageOfPage\":{\"@id\":\"https:\\\/\\\/www.csl.lu\\\/fr\\\/calendar-event\\\/lecture-du-7-mai-2026-les-naufrages-le-petit-singulier-des-frontaliers-du-luxembourg\\\/#primaryimage\"},\"image\":{\"@id\":\"https:\\\/\\\/www.csl.lu\\\/fr\\\/calendar-event\\\/lecture-du-7-mai-2026-les-naufrages-le-petit-singulier-des-frontaliers-du-luxembourg\\\/#primaryimage\"},\"thumbnailUrl\":\"https:\\\/\\\/www.csl.lu\\\/app\\\/uploads\\\/2026\\\/04\\\/lecture_csl_naufrages-300x140.jpg\",\"datePublished\":\"2026-04-29T12:18:00+00:00\",\"dateModified\":\"2026-04-29T14:42:37+00:00\",\"breadcrumb\":{\"@id\":\"https:\\\/\\\/www.csl.lu\\\/fr\\\/calendar-event\\\/lecture-du-7-mai-2026-les-naufrages-le-petit-singulier-des-frontaliers-du-luxembourg\\\/#breadcrumb\"},\"inLanguage\":\"fr-FR\",\"potentialAction\":[{\"@type\":\"ReadAction\",\"target\":[\"https:\\\/\\\/www.csl.lu\\\/fr\\\/calendar-event\\\/lecture-du-7-mai-2026-les-naufrages-le-petit-singulier-des-frontaliers-du-luxembourg\\\/\"]}]},{\"@type\":\"ImageObject\",\"inLanguage\":\"fr-FR\",\"@id\":\"https:\\\/\\\/www.csl.lu\\\/fr\\\/calendar-event\\\/lecture-du-7-mai-2026-les-naufrages-le-petit-singulier-des-frontaliers-du-luxembourg\\\/#primaryimage\",\"url\":\"https:\\\/\\\/www.csl.lu\\\/app\\\/uploads\\\/2026\\\/04\\\/lecture_csl_naufrages-300x140.jpg\",\"contentUrl\":\"https:\\\/\\\/www.csl.lu\\\/app\\\/uploads\\\/2026\\\/04\\\/lecture_csl_naufrages-300x140.jpg\"},{\"@type\":\"BreadcrumbList\",\"@id\":\"https:\\\/\\\/www.csl.lu\\\/fr\\\/calendar-event\\\/lecture-du-7-mai-2026-les-naufrages-le-petit-singulier-des-frontaliers-du-luxembourg\\\/#breadcrumb\",\"itemListElement\":[{\"@type\":\"ListItem\",\"position\":1,\"name\":\"Accueil\",\"item\":\"https:\\\/\\\/www.csl.lu\\\/fr\\\/\"},{\"@type\":\"ListItem\",\"position\":2,\"name\":\"\u00c9v\u00e8nements\",\"item\":\"https:\\\/\\\/www.csl.lu\\\/fr\\\/calendar-events\\\/\"},{\"@type\":\"ListItem\",\"position\":3,\"name\":\"Lecture du 7 mai 2026 : Les naufrag\u00e9s &#8211; le Petit Singulier des frontaliers du Luxembourg\"}]},{\"@type\":\"WebSite\",\"@id\":\"https:\\\/\\\/www.csl.lu\\\/fr\\\/#website\",\"url\":\"https:\\\/\\\/www.csl.lu\\\/fr\\\/\",\"name\":\"Chambre des salari\u00e9s - CSL\",\"description\":\"La CSL d\u00e9fend les int\u00e9r\u00eats des salari\u00e9s et des retrait\u00e9s\",\"potentialAction\":[{\"@type\":\"SearchAction\",\"target\":{\"@type\":\"EntryPoint\",\"urlTemplate\":\"https:\\\/\\\/www.csl.lu\\\/fr\\\/?s={search_term_string}\"},\"query-input\":{\"@type\":\"PropertyValueSpecification\",\"valueRequired\":true,\"valueName\":\"search_term_string\"}}],\"inLanguage\":\"fr-FR\"}]}<\/script>\n<!-- \/ Yoast SEO plugin. -->","yoast_head_json":{"title":"Lecture du 7 mai 2026 : Les naufrag\u00e9s - le Petit Singulier des frontaliers du Luxembourg - Chambre des salari\u00e9s - CSL","robots":{"index":"index","follow":"follow","max-snippet":"max-snippet:-1","max-image-preview":"max-image-preview:large","max-video-preview":"max-video-preview:-1"},"canonical":"https:\/\/www.csl.lu\/fr\/calendar-event\/lecture-du-7-mai-2026-les-naufrages-le-petit-singulier-des-frontaliers-du-luxembourg\/","og_locale":"fr_FR","og_type":"article","og_title":"Lecture du 7 mai 2026 : Les naufrag\u00e9s - le Petit Singulier des frontaliers du Luxembourg - Chambre des salari\u00e9s - CSL","og_description":"LES NAUFRAG\u00c9S Le Petit Singulier des frontaliers du Luxembourg &nbsp; Date : Jeudi, 7 mai 2026 \u00e0 18h30 Lieu :\u00a0Chambre des salari\u00e9s, 2-4 rue Pierre Hentges, L-1726 Luxembourg &nbsp; avec [&hellip;]","og_url":"https:\/\/www.csl.lu\/fr\/calendar-event\/lecture-du-7-mai-2026-les-naufrages-le-petit-singulier-des-frontaliers-du-luxembourg\/","og_site_name":"Chambre des salari\u00e9s - CSL","article_modified_time":"2026-04-29T14:42:37+00:00","og_image":[{"url":"https:\/\/www.csl.lu\/app\/themes\/csl\/img\/csl_defaut_photo_batiment.jpg","type":"","width":"","height":""},{"width":1200,"height":560,"url":"https:\/\/www.csl.lu\/app\/uploads\/2026\/04\/lecture_csl_naufrages.jpg","type":"image\/jpeg"}],"twitter_card":"summary_large_image","twitter_image":"https:\/\/www.csl.lu\/app\/themes\/csl\/img\/csl_defaut_photo_batiment.jpg","twitter_misc":{"Est. reading time":"1 minute"},"schema":{"@context":"https:\/\/schema.org","@graph":[{"@type":"WebPage","@id":"https:\/\/www.csl.lu\/fr\/calendar-event\/lecture-du-7-mai-2026-les-naufrages-le-petit-singulier-des-frontaliers-du-luxembourg\/","url":"https:\/\/www.csl.lu\/fr\/calendar-event\/lecture-du-7-mai-2026-les-naufrages-le-petit-singulier-des-frontaliers-du-luxembourg\/","name":"Lecture du 7 mai 2026 : Les naufrag\u00e9s - le Petit Singulier des frontaliers du Luxembourg - Chambre des salari\u00e9s - CSL","isPartOf":{"@id":"https:\/\/www.csl.lu\/fr\/#website"},"primaryImageOfPage":{"@id":"https:\/\/www.csl.lu\/fr\/calendar-event\/lecture-du-7-mai-2026-les-naufrages-le-petit-singulier-des-frontaliers-du-luxembourg\/#primaryimage"},"image":{"@id":"https:\/\/www.csl.lu\/fr\/calendar-event\/lecture-du-7-mai-2026-les-naufrages-le-petit-singulier-des-frontaliers-du-luxembourg\/#primaryimage"},"thumbnailUrl":"https:\/\/www.csl.lu\/app\/uploads\/2026\/04\/lecture_csl_naufrages-300x140.jpg","datePublished":"2026-04-29T12:18:00+00:00","dateModified":"2026-04-29T14:42:37+00:00","breadcrumb":{"@id":"https:\/\/www.csl.lu\/fr\/calendar-event\/lecture-du-7-mai-2026-les-naufrages-le-petit-singulier-des-frontaliers-du-luxembourg\/#breadcrumb"},"inLanguage":"fr-FR","potentialAction":[{"@type":"ReadAction","target":["https:\/\/www.csl.lu\/fr\/calendar-event\/lecture-du-7-mai-2026-les-naufrages-le-petit-singulier-des-frontaliers-du-luxembourg\/"]}]},{"@type":"ImageObject","inLanguage":"fr-FR","@id":"https:\/\/www.csl.lu\/fr\/calendar-event\/lecture-du-7-mai-2026-les-naufrages-le-petit-singulier-des-frontaliers-du-luxembourg\/#primaryimage","url":"https:\/\/www.csl.lu\/app\/uploads\/2026\/04\/lecture_csl_naufrages-300x140.jpg","contentUrl":"https:\/\/www.csl.lu\/app\/uploads\/2026\/04\/lecture_csl_naufrages-300x140.jpg"},{"@type":"BreadcrumbList","@id":"https:\/\/www.csl.lu\/fr\/calendar-event\/lecture-du-7-mai-2026-les-naufrages-le-petit-singulier-des-frontaliers-du-luxembourg\/#breadcrumb","itemListElement":[{"@type":"ListItem","position":1,"name":"Accueil","item":"https:\/\/www.csl.lu\/fr\/"},{"@type":"ListItem","position":2,"name":"\u00c9v\u00e8nements","item":"https:\/\/www.csl.lu\/fr\/calendar-events\/"},{"@type":"ListItem","position":3,"name":"Lecture du 7 mai 2026 : Les naufrag\u00e9s &#8211; le Petit Singulier des frontaliers du Luxembourg"}]},{"@type":"WebSite","@id":"https:\/\/www.csl.lu\/fr\/#website","url":"https:\/\/www.csl.lu\/fr\/","name":"Chambre des salari\u00e9s - CSL","description":"La CSL d\u00e9fend les int\u00e9r\u00eats des salari\u00e9s et des retrait\u00e9s","potentialAction":[{"@type":"SearchAction","target":{"@type":"EntryPoint","urlTemplate":"https:\/\/www.csl.lu\/fr\/?s={search_term_string}"},"query-input":{"@type":"PropertyValueSpecification","valueRequired":true,"valueName":"search_term_string"}}],"inLanguage":"fr-FR"}]}},"ticketed":["rsvp"],"_links":{"self":[{"href":"https:\/\/www.csl.lu\/fr\/wp-json\/wp\/v2\/tribe_events\/124402","targetHints":{"allow":["GET"]}}],"collection":[{"href":"https:\/\/www.csl.lu\/fr\/wp-json\/wp\/v2\/tribe_events"}],"about":[{"href":"https:\/\/www.csl.lu\/fr\/wp-json\/wp\/v2\/types\/tribe_events"}],"author":[{"embeddable":true,"href":"https:\/\/www.csl.lu\/fr\/wp-json\/wp\/v2\/users\/12"}],"version-history":[{"count":11,"href":"https:\/\/www.csl.lu\/fr\/wp-json\/wp\/v2\/tribe_events\/124402\/revisions"}],"predecessor-version":[{"id":124439,"href":"https:\/\/www.csl.lu\/fr\/wp-json\/wp\/v2\/tribe_events\/124402\/revisions\/124439"}],"wp:attachment":[{"href":"https:\/\/www.csl.lu\/fr\/wp-json\/wp\/v2\/media?parent=124402"}],"wp:term":[{"taxonomy":"post_tag","embeddable":true,"href":"https:\/\/www.csl.lu\/fr\/wp-json\/wp\/v2\/tags?post=124402"},{"taxonomy":"tribe_events_cat","embeddable":true,"href":"https:\/\/www.csl.lu\/fr\/wp-json\/wp\/v2\/tribe_events_cat?post=124402"}],"curies":[{"name":"wp","href":"https:\/\/api.w.org\/{rel}","templated":true}]}}