{"id":83157,"date":"2023-09-21T15:38:28","date_gmt":"2023-09-21T13:38:28","guid":{"rendered":"https:\/\/www.csl.lu\/?post_type=tribe_events&#038;p=83157"},"modified":"2023-10-18T15:00:09","modified_gmt":"2023-10-18T13:00:09","slug":"orientation-tout-au-long-de-la-vie-conseil-en-orientation-theorie-et-pratique","status":"publish","type":"tribe_events","link":"https:\/\/www.csl.lu\/fr\/calendar-event\/orientation-tout-au-long-de-la-vie-conseil-en-orientation-theorie-et-pratique\/","title":{"rendered":"Conf\u00e9rence : Orientation tout au long de la vie &#8211; Conseil en orientation : th\u00e9orie et pratique"},"content":{"rendered":"<h2><img loading=\"lazy\" decoding=\"async\" class=\"alignnone wp-image-83207\" src=\"https:\/\/www.csl.lu\/app\/uploads\/2023\/09\/konferenz_weber_csl_2023-300x188.png\" alt=\"\" width=\"593\" height=\"372\" srcset=\"https:\/\/www.csl.lu\/app\/uploads\/2023\/09\/konferenz_weber_csl_2023-300x188.png 300w, https:\/\/www.csl.lu\/app\/uploads\/2023\/09\/konferenz_weber_csl_2023-1024x643.png 1024w, https:\/\/www.csl.lu\/app\/uploads\/2023\/09\/konferenz_weber_csl_2023-768x482.png 768w, https:\/\/www.csl.lu\/app\/uploads\/2023\/09\/konferenz_weber_csl_2023-1536x964.png 1536w, https:\/\/www.csl.lu\/app\/uploads\/2023\/09\/konferenz_weber_csl_2023-2048x1285.png 2048w, https:\/\/www.csl.lu\/app\/uploads\/2023\/09\/konferenz_weber_csl_2023-1600x1000.png 1600w, https:\/\/www.csl.lu\/app\/uploads\/2023\/09\/konferenz_weber_csl_2023-800x500.png 800w\" sizes=\"auto, (max-width: 593px) 100vw, 593px\" \/><\/h2>\n<h2>Orientation tout au long de la vie &#8211;<br \/>\nConseil en orientation : th\u00e9orie et pratique<\/h2>\n<p><strong>Date :<\/strong> Mercredi, 18 octobre 2023 \u00e0 18h30<\/p>\n<p><strong>Lieu :<\/strong>\u00a0Chambre des salari\u00e9s, 2-4 rue Pierre Hentges, L-1726 Luxembourg<\/p>\n<p>&nbsp;<\/p>\n<p>avec\u00a0<strong>Prof. Dr. Peter C. Weber<\/strong> qui a \u00e9tudi\u00e9 les Sciences de l\u2019\u00e9ducation avec une sp\u00e9cialisation en formation pour adultes, en sociologie et en \u00e9conomie aux universit\u00e9s de Br\u00eame et de Leyde.<\/p>\n<p>&nbsp;<\/p>\n<p><strong>Th\u00e8me de la conf\u00e9rence :<\/strong><\/p>\n<p>Depuis plus d\u2019un si\u00e8cle, le conseil d\u2019orientation professionnelle est un outil qui apporte une aide aux personnes dans leurs d\u00e9cisions en rapport avec leur parcours de formation initiale et leur activit\u00e9 professionnelle. Toutefois, la forme et le contenu du conseil d\u2019orientation doivent s\u2019adapter et se r\u00e9ajuster continuellement.<\/p>\n<p>Lors de l\u2019expos\u00e9 seront \u00e0 la fois abord\u00e9es les th\u00e9matiques usuelles de l\u2019orientation tout comme les changements n\u00e9cessaires et indispensables.<\/p>\n<p>Des concepts et des pratiques d\u2019orientation et de conseil seront sugg\u00e9r\u00e9s afin de r\u00e9pondre davantage aux besoins actuels des jeunes.<\/p>\n<p>Cela implique \u00e0 la fois un regard sur la vari\u00e9t\u00e9 des d\u00e9fis rencontr\u00e9s dans le syst\u00e8me d\u2019\u00e9ducation initiale ainsi que dans la carri\u00e8re professionnelle, comme le d\u00e9veloppement de nouvelles activit\u00e9s de conseil qui donnent davantage la parole aux jeunes et qui d\u00e9veloppent leurs comp\u00e9tences pour faciliter la r\u00e9alisation de leur biographie professionnelle.<\/p>\n<p>Pour r\u00e9ussir une telle strat\u00e9gie, les th\u00e9oriciens, les conseillers en orientation tout comme les politiciens sont appel\u00e9s \u00e0 concevoir un cadre favorable pour y arriver.<\/p>\n<p><span style=\"color: #808080;\"><a style=\"color: #808080;\" href=\"https:\/\/www.csl.lu\/app\/uploads\/2023\/09\/20231018_conference_weber_2023.pdf\" target=\"_blank\" rel=\"noopener\">En savoir plus<\/a><\/span><\/p>\n<p>&nbsp;<\/p>\n<p><em>La langue utilis\u00e9e lors de la conf\u00e9rence est l\u2019allemand. Une traduction en fran\u00e7ais sera assur\u00e9e.<br \/>\n<\/em>Die Konferenzsprache ist Deutsch.<\/p>\n<p><img loading=\"lazy\" decoding=\"async\" class=\"alignnone  wp-image-84342\" src=\"https:\/\/www.csl.lu\/app\/uploads\/2023\/09\/logos-300x50.png\" alt=\"\" width=\"438\" height=\"73\" srcset=\"https:\/\/www.csl.lu\/app\/uploads\/2023\/09\/logos-300x50.png 300w, https:\/\/www.csl.lu\/app\/uploads\/2023\/09\/logos-768x129.png 768w, https:\/\/www.csl.lu\/app\/uploads\/2023\/09\/logos.png 916w\" sizes=\"auto, (max-width: 438px) 100vw, 438px\" \/><\/p>\n","protected":false},"excerpt":{"rendered":"<p>Orientation tout au long de la vie &#8211; Conseil en orientation : th\u00e9orie et pratique Date : Mercredi, 18 octobre 2023 \u00e0 18h30 Lieu :\u00a0Chambre des salari\u00e9s, 2-4 rue Pierre [&hellip;]<\/p>\n","protected":false},"author":12,"featured_media":0,"template":"","meta":{"_acf_changed":false,"_tec_requires_first_save":false,"inline_featured_image":false,"_price":"","_stock":"","_tribe_ticket_header":"","_tribe_default_ticket_provider":"","_tribe_ticket_capacity":"0","_ticket_start_date":"","_ticket_end_date":"","_tribe_ticket_show_description":"","_tribe_ticket_show_not_going":false,"_tribe_ticket_use_global_stock":"","_tribe_ticket_global_stock_level":"","_global_stock_mode":"","_global_stock_cap":"","_tribe_rsvp_for_event":"","_tribe_ticket_going_count":"","_tribe_ticket_not_going_count":"","_tribe_tickets_list":"[]","_tribe_ticket_has_attendee_info_fields":false,"_EventAllDay":false,"_EventTimezone":"Europe\/Paris","_EventStartDate":"2023-10-18 18:30:00","_EventEndDate":"2023-10-18 20:00:00","_EventStartDateUTC":"2023-10-18 16:30:00","_EventEndDateUTC":"2023-10-18 18:00:00","_EventShowMap":false,"_EventShowMapLink":false,"_EventURL":"","_EventCost":"0","_EventCostDescription":"","_EventCurrencySymbol":"","_EventCurrencyCode":"","_EventCurrencyPosition":"","_EventDateTimeSeparator":"","_EventTimeRangeSeparator":"","_EventOrganizerID":[44885],"_EventVenueID":[44984],"_OrganizerEmail":"","_OrganizerPhone":"","_OrganizerWebsite":"","_VenueAddress":"","_VenueCity":"","_VenueCountry":"","_VenueProvince":"","_VenueState":"","_VenueZip":"","_VenuePhone":"","_VenueURL":"","_VenueStateProvince":"","_VenueLat":"","_VenueLng":"","_VenueShowMap":false,"_VenueShowMapLink":false,"_tribe_blocks_recurrence_rules":"","_tribe_blocks_recurrence_description":"","_tribe_blocks_recurrence_exclusions":"","_tribe_events_status":"","_tribe_events_status_reason":"","_tribe_events_is_hybrid":"","_tribe_events_is_virtual":"","_tribe_events_virtual_video_source":"","_tribe_events_virtual_embed_video":"","_tribe_events_virtual_linked_button_text":"","_tribe_events_virtual_linked_button":"","_tribe_events_virtual_show_embed_at":"","_tribe_events_virtual_show_embed_to":[],"_tribe_events_virtual_show_on_event":"","_tribe_events_virtual_show_on_views":"","_tribe_events_virtual_url":"","footnotes":"","_tec_slr_enabled":"","_tec_slr_layout":""},"tags":[],"tribe_events_cat":[],"class_list":["post-83157","tribe_events","type-tribe_events","status-publish","hentry"],"acf":[],"yoast_head":"<!-- This site is optimized with the Yoast SEO plugin v27.4 - https:\/\/yoast.com\/product\/yoast-seo-wordpress\/ -->\n<title>Conf\u00e9rence : Orientation tout au long de la vie - Conseil en orientation : th\u00e9orie et pratique - Chambre des salari\u00e9s - CSL<\/title>\n<meta name=\"robots\" content=\"index, follow, max-snippet:-1, max-image-preview:large, max-video-preview:-1\" \/>\n<link rel=\"canonical\" href=\"https:\/\/www.csl.lu\/fr\/calendar-event\/orientation-tout-au-long-de-la-vie-conseil-en-orientation-theorie-et-pratique\/\" \/>\n<meta property=\"og:locale\" content=\"fr_FR\" \/>\n<meta property=\"og:type\" content=\"article\" \/>\n<meta property=\"og:title\" content=\"Conf\u00e9rence : Orientation tout au long de la vie - Conseil en orientation : th\u00e9orie et pratique - Chambre des salari\u00e9s - CSL\" \/>\n<meta property=\"og:description\" content=\"Orientation tout au long de la vie &#8211; Conseil en orientation : th\u00e9orie et pratique Date : Mercredi, 18 octobre 2023 \u00e0 18h30 Lieu :\u00a0Chambre des salari\u00e9s, 2-4 rue Pierre [&hellip;]\" \/>\n<meta property=\"og:url\" content=\"https:\/\/www.csl.lu\/fr\/calendar-event\/orientation-tout-au-long-de-la-vie-conseil-en-orientation-theorie-et-pratique\/\" \/>\n<meta property=\"og:site_name\" content=\"Chambre des salari\u00e9s - CSL\" \/>\n<meta property=\"article:modified_time\" content=\"2023-10-18T13:00:09+00:00\" \/>\n<meta property=\"og:image\" content=\"https:\/\/www.csl.lu\/app\/themes\/csl\/img\/csl_defaut_photo_batiment.jpg\" \/><meta property=\"og:image\" content=\"https:\/\/www.csl.lu\/app\/uploads\/2023\/09\/konferenz_weber_csl_2023-300x188.png\" \/>\n<meta name=\"twitter:card\" content=\"summary_large_image\" \/>\n<meta name=\"twitter:image\" content=\"https:\/\/www.csl.lu\/app\/themes\/csl\/img\/csl_defaut_photo_batiment.jpg\" \/>\n<meta name=\"twitter:label1\" content=\"Est. reading time\" \/>\n\t<meta name=\"twitter:data1\" content=\"2 minutes\" \/>\n<script type=\"application\/ld+json\" class=\"yoast-schema-graph\">{\"@context\":\"https:\\\/\\\/schema.org\",\"@graph\":[{\"@type\":\"WebPage\",\"@id\":\"https:\\\/\\\/www.csl.lu\\\/fr\\\/calendar-event\\\/orientation-tout-au-long-de-la-vie-conseil-en-orientation-theorie-et-pratique\\\/\",\"url\":\"https:\\\/\\\/www.csl.lu\\\/fr\\\/calendar-event\\\/orientation-tout-au-long-de-la-vie-conseil-en-orientation-theorie-et-pratique\\\/\",\"name\":\"Conf\u00e9rence : Orientation tout au long de la vie - Conseil en orientation : th\u00e9orie et pratique - Chambre des salari\u00e9s - CSL\",\"isPartOf\":{\"@id\":\"https:\\\/\\\/www.csl.lu\\\/fr\\\/#website\"},\"primaryImageOfPage\":{\"@id\":\"https:\\\/\\\/www.csl.lu\\\/fr\\\/calendar-event\\\/orientation-tout-au-long-de-la-vie-conseil-en-orientation-theorie-et-pratique\\\/#primaryimage\"},\"image\":{\"@id\":\"https:\\\/\\\/www.csl.lu\\\/fr\\\/calendar-event\\\/orientation-tout-au-long-de-la-vie-conseil-en-orientation-theorie-et-pratique\\\/#primaryimage\"},\"thumbnailUrl\":\"https:\\\/\\\/www.csl.lu\\\/app\\\/uploads\\\/2023\\\/09\\\/konferenz_weber_csl_2023-300x188.png\",\"datePublished\":\"2023-09-21T13:38:28+00:00\",\"dateModified\":\"2023-10-18T13:00:09+00:00\",\"breadcrumb\":{\"@id\":\"https:\\\/\\\/www.csl.lu\\\/fr\\\/calendar-event\\\/orientation-tout-au-long-de-la-vie-conseil-en-orientation-theorie-et-pratique\\\/#breadcrumb\"},\"inLanguage\":\"fr-FR\",\"potentialAction\":[{\"@type\":\"ReadAction\",\"target\":[\"https:\\\/\\\/www.csl.lu\\\/fr\\\/calendar-event\\\/orientation-tout-au-long-de-la-vie-conseil-en-orientation-theorie-et-pratique\\\/\"]}]},{\"@type\":\"ImageObject\",\"inLanguage\":\"fr-FR\",\"@id\":\"https:\\\/\\\/www.csl.lu\\\/fr\\\/calendar-event\\\/orientation-tout-au-long-de-la-vie-conseil-en-orientation-theorie-et-pratique\\\/#primaryimage\",\"url\":\"https:\\\/\\\/www.csl.lu\\\/app\\\/uploads\\\/2023\\\/09\\\/konferenz_weber_csl_2023-300x188.png\",\"contentUrl\":\"https:\\\/\\\/www.csl.lu\\\/app\\\/uploads\\\/2023\\\/09\\\/konferenz_weber_csl_2023-300x188.png\"},{\"@type\":\"BreadcrumbList\",\"@id\":\"https:\\\/\\\/www.csl.lu\\\/fr\\\/calendar-event\\\/orientation-tout-au-long-de-la-vie-conseil-en-orientation-theorie-et-pratique\\\/#breadcrumb\",\"itemListElement\":[{\"@type\":\"ListItem\",\"position\":1,\"name\":\"Accueil\",\"item\":\"https:\\\/\\\/www.csl.lu\\\/fr\\\/\"},{\"@type\":\"ListItem\",\"position\":2,\"name\":\"\u00c9v\u00e8nements\",\"item\":\"https:\\\/\\\/www.csl.lu\\\/fr\\\/calendar-events\\\/\"},{\"@type\":\"ListItem\",\"position\":3,\"name\":\"Conf\u00e9rence : Orientation tout au long de la vie &#8211; Conseil en orientation : th\u00e9orie et pratique\"}]},{\"@type\":\"WebSite\",\"@id\":\"https:\\\/\\\/www.csl.lu\\\/fr\\\/#website\",\"url\":\"https:\\\/\\\/www.csl.lu\\\/fr\\\/\",\"name\":\"Chambre des salari\u00e9s - CSL\",\"description\":\"La CSL d\u00e9fend les int\u00e9r\u00eats des salari\u00e9s et des retrait\u00e9s\",\"potentialAction\":[{\"@type\":\"SearchAction\",\"target\":{\"@type\":\"EntryPoint\",\"urlTemplate\":\"https:\\\/\\\/www.csl.lu\\\/fr\\\/?s={search_term_string}\"},\"query-input\":{\"@type\":\"PropertyValueSpecification\",\"valueRequired\":true,\"valueName\":\"search_term_string\"}}],\"inLanguage\":\"fr-FR\"}]}<\/script>\n<!-- \/ Yoast SEO plugin. -->","yoast_head_json":{"title":"Conf\u00e9rence : Orientation tout au long de la vie - Conseil en orientation : th\u00e9orie et pratique - Chambre des salari\u00e9s - CSL","robots":{"index":"index","follow":"follow","max-snippet":"max-snippet:-1","max-image-preview":"max-image-preview:large","max-video-preview":"max-video-preview:-1"},"canonical":"https:\/\/www.csl.lu\/fr\/calendar-event\/orientation-tout-au-long-de-la-vie-conseil-en-orientation-theorie-et-pratique\/","og_locale":"fr_FR","og_type":"article","og_title":"Conf\u00e9rence : Orientation tout au long de la vie - Conseil en orientation : th\u00e9orie et pratique - Chambre des salari\u00e9s - CSL","og_description":"Orientation tout au long de la vie &#8211; Conseil en orientation : th\u00e9orie et pratique Date : Mercredi, 18 octobre 2023 \u00e0 18h30 Lieu :\u00a0Chambre des salari\u00e9s, 2-4 rue Pierre [&hellip;]","og_url":"https:\/\/www.csl.lu\/fr\/calendar-event\/orientation-tout-au-long-de-la-vie-conseil-en-orientation-theorie-et-pratique\/","og_site_name":"Chambre des salari\u00e9s - CSL","article_modified_time":"2023-10-18T13:00:09+00:00","og_image":[{"url":"https:\/\/www.csl.lu\/app\/themes\/csl\/img\/csl_defaut_photo_batiment.jpg","type":"","width":"","height":""},{"url":"https:\/\/www.csl.lu\/app\/uploads\/2023\/09\/konferenz_weber_csl_2023-300x188.png","type":"","width":"","height":""}],"twitter_card":"summary_large_image","twitter_image":"https:\/\/www.csl.lu\/app\/themes\/csl\/img\/csl_defaut_photo_batiment.jpg","twitter_misc":{"Est. reading time":"2 minutes"},"schema":{"@context":"https:\/\/schema.org","@graph":[{"@type":"WebPage","@id":"https:\/\/www.csl.lu\/fr\/calendar-event\/orientation-tout-au-long-de-la-vie-conseil-en-orientation-theorie-et-pratique\/","url":"https:\/\/www.csl.lu\/fr\/calendar-event\/orientation-tout-au-long-de-la-vie-conseil-en-orientation-theorie-et-pratique\/","name":"Conf\u00e9rence : Orientation tout au long de la vie - Conseil en orientation : th\u00e9orie et pratique - Chambre des salari\u00e9s - CSL","isPartOf":{"@id":"https:\/\/www.csl.lu\/fr\/#website"},"primaryImageOfPage":{"@id":"https:\/\/www.csl.lu\/fr\/calendar-event\/orientation-tout-au-long-de-la-vie-conseil-en-orientation-theorie-et-pratique\/#primaryimage"},"image":{"@id":"https:\/\/www.csl.lu\/fr\/calendar-event\/orientation-tout-au-long-de-la-vie-conseil-en-orientation-theorie-et-pratique\/#primaryimage"},"thumbnailUrl":"https:\/\/www.csl.lu\/app\/uploads\/2023\/09\/konferenz_weber_csl_2023-300x188.png","datePublished":"2023-09-21T13:38:28+00:00","dateModified":"2023-10-18T13:00:09+00:00","breadcrumb":{"@id":"https:\/\/www.csl.lu\/fr\/calendar-event\/orientation-tout-au-long-de-la-vie-conseil-en-orientation-theorie-et-pratique\/#breadcrumb"},"inLanguage":"fr-FR","potentialAction":[{"@type":"ReadAction","target":["https:\/\/www.csl.lu\/fr\/calendar-event\/orientation-tout-au-long-de-la-vie-conseil-en-orientation-theorie-et-pratique\/"]}]},{"@type":"ImageObject","inLanguage":"fr-FR","@id":"https:\/\/www.csl.lu\/fr\/calendar-event\/orientation-tout-au-long-de-la-vie-conseil-en-orientation-theorie-et-pratique\/#primaryimage","url":"https:\/\/www.csl.lu\/app\/uploads\/2023\/09\/konferenz_weber_csl_2023-300x188.png","contentUrl":"https:\/\/www.csl.lu\/app\/uploads\/2023\/09\/konferenz_weber_csl_2023-300x188.png"},{"@type":"BreadcrumbList","@id":"https:\/\/www.csl.lu\/fr\/calendar-event\/orientation-tout-au-long-de-la-vie-conseil-en-orientation-theorie-et-pratique\/#breadcrumb","itemListElement":[{"@type":"ListItem","position":1,"name":"Accueil","item":"https:\/\/www.csl.lu\/fr\/"},{"@type":"ListItem","position":2,"name":"\u00c9v\u00e8nements","item":"https:\/\/www.csl.lu\/fr\/calendar-events\/"},{"@type":"ListItem","position":3,"name":"Conf\u00e9rence : Orientation tout au long de la vie &#8211; Conseil en orientation : th\u00e9orie et pratique"}]},{"@type":"WebSite","@id":"https:\/\/www.csl.lu\/fr\/#website","url":"https:\/\/www.csl.lu\/fr\/","name":"Chambre des salari\u00e9s - CSL","description":"La CSL d\u00e9fend les int\u00e9r\u00eats des salari\u00e9s et des retrait\u00e9s","potentialAction":[{"@type":"SearchAction","target":{"@type":"EntryPoint","urlTemplate":"https:\/\/www.csl.lu\/fr\/?s={search_term_string}"},"query-input":{"@type":"PropertyValueSpecification","valueRequired":true,"valueName":"search_term_string"}}],"inLanguage":"fr-FR"}]}},"ticketed":["rsvp"],"_links":{"self":[{"href":"https:\/\/www.csl.lu\/fr\/wp-json\/wp\/v2\/tribe_events\/83157","targetHints":{"allow":["GET"]}}],"collection":[{"href":"https:\/\/www.csl.lu\/fr\/wp-json\/wp\/v2\/tribe_events"}],"about":[{"href":"https:\/\/www.csl.lu\/fr\/wp-json\/wp\/v2\/types\/tribe_events"}],"author":[{"embeddable":true,"href":"https:\/\/www.csl.lu\/fr\/wp-json\/wp\/v2\/users\/12"}],"version-history":[{"count":12,"href":"https:\/\/www.csl.lu\/fr\/wp-json\/wp\/v2\/tribe_events\/83157\/revisions"}],"predecessor-version":[{"id":84349,"href":"https:\/\/www.csl.lu\/fr\/wp-json\/wp\/v2\/tribe_events\/83157\/revisions\/84349"}],"wp:attachment":[{"href":"https:\/\/www.csl.lu\/fr\/wp-json\/wp\/v2\/media?parent=83157"}],"wp:term":[{"taxonomy":"post_tag","embeddable":true,"href":"https:\/\/www.csl.lu\/fr\/wp-json\/wp\/v2\/tags?post=83157"},{"taxonomy":"tribe_events_cat","embeddable":true,"href":"https:\/\/www.csl.lu\/fr\/wp-json\/wp\/v2\/tribe_events_cat?post=83157"}],"curies":[{"name":"wp","href":"https:\/\/api.w.org\/{rel}","templated":true}]}}