{"id":84429,"date":"2023-10-19T13:54:46","date_gmt":"2023-10-19T11:54:46","guid":{"rendered":"https:\/\/www.csl.lu\/?post_type=tribe_events&#038;p=84429"},"modified":"2023-10-25T13:10:57","modified_gmt":"2023-10-25T11:10:57","slug":"conference-numerisation-et-utilisation-de-lintelligence-artificielle-le-monde-du-travail-en-mutation","status":"publish","type":"tribe_events","link":"https:\/\/www.csl.lu\/fr\/calendar-event\/conference-numerisation-et-utilisation-de-lintelligence-artificielle-le-monde-du-travail-en-mutation\/","title":{"rendered":"Conf\u00e9rence : Num\u00e9risation et utilisation de l&rsquo;intelligence artificielle &#8211; Le monde du travail en mutation"},"content":{"rendered":"<h2><img loading=\"lazy\" decoding=\"async\" class=\"alignnone wp-image-84434\" src=\"https:\/\/www.csl.lu\/app\/uploads\/2023\/10\/conference_ai-300x157.png\" alt=\"\" width=\"595\" height=\"311\" srcset=\"https:\/\/www.csl.lu\/app\/uploads\/2023\/10\/conference_ai-300x157.png 300w, https:\/\/www.csl.lu\/app\/uploads\/2023\/10\/conference_ai-1024x534.png 1024w, https:\/\/www.csl.lu\/app\/uploads\/2023\/10\/conference_ai-768x401.png 768w, https:\/\/www.csl.lu\/app\/uploads\/2023\/10\/conference_ai-1536x801.png 1536w, https:\/\/www.csl.lu\/app\/uploads\/2023\/10\/conference_ai-2048x1068.png 2048w\" sizes=\"auto, (max-width: 595px) 100vw, 595px\" \/><\/h2>\n<h2>Num\u00e9risation et utilisation de l&rsquo;intelligence artificielle &#8211;<br \/>\nLe monde du travail en mutation<\/h2>\n<p><strong>Date :<\/strong> Mercredi, 29 novembre 2023 \u00e0 18h30<\/p>\n<p><strong>Lieu :<\/strong>\u00a0Chambre des salari\u00e9s, 2-4 rue Pierre Hentges, L-1726 Luxembourg<\/p>\n<p>&nbsp;<\/p>\n<p>avec\u00a0<strong>Kathrin Hartmann<\/strong> qui a \u00e9tudi\u00e9 les sciences sociales int\u00e9gratives avec une sp\u00e9cialisation en politique, \u00e9conomie et \u00e9thique.<\/p>\n<p>&nbsp;<\/p>\n<p><strong>Th\u00e8me de la conf\u00e9rence :<\/strong><\/p>\n<p>Les syst\u00e8mes num\u00e9riques et les syst\u00e8mes d\u2019intelligence artificielle accompagnent d\u00e9j\u00e0 de nombreuses personnes dans leur vie quotidienne. Nous utilisons des syst\u00e8mes de navigation, suivons des recommandations d\u2019achat dans le domaine du commerce en ligne et lisons des informations qui nous sont recommand\u00e9es sur la base d\u2019articles sur lesquels nous avons cliqu\u00e9s auparavant.<\/p>\n<p>Un coup d\u2019\u0153il dans le monde du travail le montre : L\u00e0 aussi, on mise de plus en plus sur l\u2019utilisation de ces technologies. Dans ce contexte, les t\u00e2ches professionnelles doivent \u00eatre comprises comme l\u2019interaction de trois composantes : L\u2019humain, la technique et l\u2019organisation du travail. Si l\u2019une de ces composantes se modifie, les deux autres \u00e9voluent avec elle. Par exemple, l\u2019utilisation de robots dans l\u2019environnement de production peut r\u00e9duire les t\u00e2ches monotones et lib\u00e9rer ainsi plus de temps pour l\u2019ex\u00e9cution de t\u00e2ches plus complexes. N\u00e9anmoins, l\u2019introduction de nouvelles technologies entra\u00eene \u00e9galement des d\u00e9fis qu\u2019il convient de relever le plus en amont possible.<\/p>\n<p>L\u2019objectif de cette conf\u00e9rence est de permettre aux auditeurs de comprendre les possibilit\u00e9s\/les opportunit\u00e9s et les limites de l\u2019utilisation de syst\u00e8mes num\u00e9riques et d\u2019IA dans le cadre professionnel. Dans ce cadre, le syst\u00e8me d\u2019IA est \u00e0 comprendre comme outil technologique, dont l\u2019utilisation finale peut et doit \u00eatre d\u00e9cid\u00e9e par l\u2019Homme.<\/p>\n<p>En outre, les nouvelles exigences envers les employ\u00e9s et les conditions modifi\u00e9es de l\u2019organisation du travail, qui r\u00e9sultent du d\u00e9veloppement rapide des nouvelles technologies, seront discut\u00e9es.<\/p>\n<p>Des exemples pratiques issus de diff\u00e9rents secteurs ouvriront un espace pour des discussions communes \u00e0 l\u2019issue de la conf\u00e9rence.<\/p>\n<p>&nbsp;<\/p>\n<p><a href=\"https:\/\/www.csl.lu\/app\/uploads\/2023\/10\/20231129_csl_2023_conference_ki_web.pdf\" target=\"_blank\" rel=\"noopener\">En savoir plus<\/a><\/p>\n<p><em>La langue utilis\u00e9e lors de la conf\u00e9rence est l\u2019allemand. Une traduction en fran\u00e7ais sera assur\u00e9e.<br \/>\n<\/em>Die Konferenzsprache ist Deutsch.<\/p>\n<p><img loading=\"lazy\" decoding=\"async\" class=\"alignnone wp-image-84441\" src=\"https:\/\/www.csl.lu\/app\/uploads\/2023\/10\/logos_csl_aksaar-300x46.png\" alt=\"\" width=\"437\" height=\"67\" srcset=\"https:\/\/www.csl.lu\/app\/uploads\/2023\/10\/logos_csl_aksaar-300x46.png 300w, https:\/\/www.csl.lu\/app\/uploads\/2023\/10\/logos_csl_aksaar-1024x158.png 1024w, https:\/\/www.csl.lu\/app\/uploads\/2023\/10\/logos_csl_aksaar-768x119.png 768w, https:\/\/www.csl.lu\/app\/uploads\/2023\/10\/logos_csl_aksaar-1536x238.png 1536w, https:\/\/www.csl.lu\/app\/uploads\/2023\/10\/logos_csl_aksaar.png 1655w\" sizes=\"auto, (max-width: 437px) 100vw, 437px\" \/><\/p>\n","protected":false},"excerpt":{"rendered":"<p>Num\u00e9risation et utilisation de l&rsquo;intelligence artificielle &#8211; Le monde du travail en mutation Date : Mercredi, 29 novembre 2023 \u00e0 18h30 Lieu :\u00a0Chambre des salari\u00e9s, 2-4 rue Pierre Hentges, L-1726 [&hellip;]<\/p>\n","protected":false},"author":12,"featured_media":0,"template":"","meta":{"_acf_changed":false,"_tec_requires_first_save":false,"inline_featured_image":false,"_price":"","_stock":"","_tribe_ticket_header":"","_tribe_default_ticket_provider":"","_tribe_ticket_capacity":"0","_ticket_start_date":"","_ticket_end_date":"","_tribe_ticket_show_description":"","_tribe_ticket_show_not_going":false,"_tribe_ticket_use_global_stock":"","_tribe_ticket_global_stock_level":"","_global_stock_mode":"","_global_stock_cap":"","_tribe_rsvp_for_event":"","_tribe_ticket_going_count":"","_tribe_ticket_not_going_count":"","_tribe_tickets_list":"[]","_tribe_ticket_has_attendee_info_fields":false,"_EventAllDay":false,"_EventTimezone":"Europe\/Paris","_EventStartDate":"2023-11-29 18:30:00","_EventEndDate":"2023-11-29 20:00:00","_EventStartDateUTC":"2023-11-29 17:30:00","_EventEndDateUTC":"2023-11-29 19:00:00","_EventShowMap":false,"_EventShowMapLink":true,"_EventURL":"","_EventCost":"0","_EventCostDescription":"","_EventCurrencySymbol":"","_EventCurrencyCode":"","_EventCurrencyPosition":"","_EventDateTimeSeparator":"","_EventTimeRangeSeparator":"","_EventOrganizerID":[44885],"_EventVenueID":[44984],"_OrganizerEmail":"","_OrganizerPhone":"","_OrganizerWebsite":"","_VenueAddress":"","_VenueCity":"","_VenueCountry":"","_VenueProvince":"","_VenueState":"","_VenueZip":"","_VenuePhone":"","_VenueURL":"","_VenueStateProvince":"","_VenueLat":"","_VenueLng":"","_VenueShowMap":false,"_VenueShowMapLink":false,"_tribe_blocks_recurrence_rules":"","_tribe_blocks_recurrence_description":"","_tribe_blocks_recurrence_exclusions":"","_tribe_events_status":"","_tribe_events_status_reason":"","_tribe_events_is_hybrid":"","_tribe_events_is_virtual":"","_tribe_events_virtual_video_source":"","_tribe_events_virtual_embed_video":"","_tribe_events_virtual_linked_button_text":"","_tribe_events_virtual_linked_button":"","_tribe_events_virtual_show_embed_at":"","_tribe_events_virtual_show_embed_to":[],"_tribe_events_virtual_show_on_event":"","_tribe_events_virtual_show_on_views":"","_tribe_events_virtual_url":"","footnotes":"","_tec_slr_enabled":"","_tec_slr_layout":""},"tags":[],"tribe_events_cat":[],"class_list":["post-84429","tribe_events","type-tribe_events","status-publish","hentry"],"acf":[],"yoast_head":"<!-- This site is optimized with the Yoast SEO plugin v27.4 - https:\/\/yoast.com\/product\/yoast-seo-wordpress\/ -->\n<title>Conf\u00e9rence : Num\u00e9risation et utilisation de l&#039;intelligence artificielle - Le monde du travail en mutation - Chambre des salari\u00e9s - CSL<\/title>\n<meta name=\"robots\" content=\"index, follow, max-snippet:-1, max-image-preview:large, max-video-preview:-1\" \/>\n<link rel=\"canonical\" href=\"https:\/\/www.csl.lu\/fr\/calendar-event\/conference-numerisation-et-utilisation-de-lintelligence-artificielle-le-monde-du-travail-en-mutation\/\" \/>\n<meta property=\"og:locale\" content=\"fr_FR\" \/>\n<meta property=\"og:type\" content=\"article\" \/>\n<meta property=\"og:title\" content=\"Conf\u00e9rence : Num\u00e9risation et utilisation de l&#039;intelligence artificielle - Le monde du travail en mutation - Chambre des salari\u00e9s - CSL\" \/>\n<meta property=\"og:description\" content=\"Num\u00e9risation et utilisation de l&rsquo;intelligence artificielle &#8211; Le monde du travail en mutation Date : Mercredi, 29 novembre 2023 \u00e0 18h30 Lieu :\u00a0Chambre des salari\u00e9s, 2-4 rue Pierre Hentges, L-1726 [&hellip;]\" \/>\n<meta property=\"og:url\" content=\"https:\/\/www.csl.lu\/fr\/calendar-event\/conference-numerisation-et-utilisation-de-lintelligence-artificielle-le-monde-du-travail-en-mutation\/\" \/>\n<meta property=\"og:site_name\" content=\"Chambre des salari\u00e9s - CSL\" \/>\n<meta property=\"article:modified_time\" content=\"2023-10-25T11:10:57+00:00\" \/>\n<meta property=\"og:image\" content=\"https:\/\/www.csl.lu\/app\/themes\/csl\/img\/csl_defaut_photo_batiment.jpg\" \/><meta property=\"og:image\" content=\"https:\/\/www.csl.lu\/app\/uploads\/2023\/10\/conference_ai-300x157.png\" \/>\n<meta name=\"twitter:card\" content=\"summary_large_image\" \/>\n<meta name=\"twitter:image\" content=\"https:\/\/www.csl.lu\/app\/themes\/csl\/img\/csl_defaut_photo_batiment.jpg\" \/>\n<meta name=\"twitter:label1\" content=\"Est. reading time\" \/>\n\t<meta name=\"twitter:data1\" content=\"3 minutes\" \/>\n<script type=\"application\/ld+json\" class=\"yoast-schema-graph\">{\"@context\":\"https:\\\/\\\/schema.org\",\"@graph\":[{\"@type\":\"WebPage\",\"@id\":\"https:\\\/\\\/www.csl.lu\\\/fr\\\/calendar-event\\\/conference-numerisation-et-utilisation-de-lintelligence-artificielle-le-monde-du-travail-en-mutation\\\/\",\"url\":\"https:\\\/\\\/www.csl.lu\\\/fr\\\/calendar-event\\\/conference-numerisation-et-utilisation-de-lintelligence-artificielle-le-monde-du-travail-en-mutation\\\/\",\"name\":\"Conf\u00e9rence : Num\u00e9risation et utilisation de l'intelligence artificielle - Le monde du travail en mutation - Chambre des salari\u00e9s - CSL\",\"isPartOf\":{\"@id\":\"https:\\\/\\\/www.csl.lu\\\/fr\\\/#website\"},\"primaryImageOfPage\":{\"@id\":\"https:\\\/\\\/www.csl.lu\\\/fr\\\/calendar-event\\\/conference-numerisation-et-utilisation-de-lintelligence-artificielle-le-monde-du-travail-en-mutation\\\/#primaryimage\"},\"image\":{\"@id\":\"https:\\\/\\\/www.csl.lu\\\/fr\\\/calendar-event\\\/conference-numerisation-et-utilisation-de-lintelligence-artificielle-le-monde-du-travail-en-mutation\\\/#primaryimage\"},\"thumbnailUrl\":\"https:\\\/\\\/www.csl.lu\\\/app\\\/uploads\\\/2023\\\/10\\\/conference_ai-300x157.png\",\"datePublished\":\"2023-10-19T11:54:46+00:00\",\"dateModified\":\"2023-10-25T11:10:57+00:00\",\"breadcrumb\":{\"@id\":\"https:\\\/\\\/www.csl.lu\\\/fr\\\/calendar-event\\\/conference-numerisation-et-utilisation-de-lintelligence-artificielle-le-monde-du-travail-en-mutation\\\/#breadcrumb\"},\"inLanguage\":\"fr-FR\",\"potentialAction\":[{\"@type\":\"ReadAction\",\"target\":[\"https:\\\/\\\/www.csl.lu\\\/fr\\\/calendar-event\\\/conference-numerisation-et-utilisation-de-lintelligence-artificielle-le-monde-du-travail-en-mutation\\\/\"]}]},{\"@type\":\"ImageObject\",\"inLanguage\":\"fr-FR\",\"@id\":\"https:\\\/\\\/www.csl.lu\\\/fr\\\/calendar-event\\\/conference-numerisation-et-utilisation-de-lintelligence-artificielle-le-monde-du-travail-en-mutation\\\/#primaryimage\",\"url\":\"https:\\\/\\\/www.csl.lu\\\/app\\\/uploads\\\/2023\\\/10\\\/conference_ai-300x157.png\",\"contentUrl\":\"https:\\\/\\\/www.csl.lu\\\/app\\\/uploads\\\/2023\\\/10\\\/conference_ai-300x157.png\"},{\"@type\":\"BreadcrumbList\",\"@id\":\"https:\\\/\\\/www.csl.lu\\\/fr\\\/calendar-event\\\/conference-numerisation-et-utilisation-de-lintelligence-artificielle-le-monde-du-travail-en-mutation\\\/#breadcrumb\",\"itemListElement\":[{\"@type\":\"ListItem\",\"position\":1,\"name\":\"Accueil\",\"item\":\"https:\\\/\\\/www.csl.lu\\\/fr\\\/\"},{\"@type\":\"ListItem\",\"position\":2,\"name\":\"\u00c9v\u00e8nements\",\"item\":\"https:\\\/\\\/www.csl.lu\\\/fr\\\/calendar-events\\\/\"},{\"@type\":\"ListItem\",\"position\":3,\"name\":\"Conf\u00e9rence : Num\u00e9risation et utilisation de l&#8217;intelligence artificielle &#8211; Le monde du travail en mutation\"}]},{\"@type\":\"WebSite\",\"@id\":\"https:\\\/\\\/www.csl.lu\\\/fr\\\/#website\",\"url\":\"https:\\\/\\\/www.csl.lu\\\/fr\\\/\",\"name\":\"Chambre des salari\u00e9s - CSL\",\"description\":\"La CSL d\u00e9fend les int\u00e9r\u00eats des salari\u00e9s et des retrait\u00e9s\",\"potentialAction\":[{\"@type\":\"SearchAction\",\"target\":{\"@type\":\"EntryPoint\",\"urlTemplate\":\"https:\\\/\\\/www.csl.lu\\\/fr\\\/?s={search_term_string}\"},\"query-input\":{\"@type\":\"PropertyValueSpecification\",\"valueRequired\":true,\"valueName\":\"search_term_string\"}}],\"inLanguage\":\"fr-FR\"}]}<\/script>\n<!-- \/ Yoast SEO plugin. -->","yoast_head_json":{"title":"Conf\u00e9rence : Num\u00e9risation et utilisation de l'intelligence artificielle - Le monde du travail en mutation - Chambre des salari\u00e9s - CSL","robots":{"index":"index","follow":"follow","max-snippet":"max-snippet:-1","max-image-preview":"max-image-preview:large","max-video-preview":"max-video-preview:-1"},"canonical":"https:\/\/www.csl.lu\/fr\/calendar-event\/conference-numerisation-et-utilisation-de-lintelligence-artificielle-le-monde-du-travail-en-mutation\/","og_locale":"fr_FR","og_type":"article","og_title":"Conf\u00e9rence : Num\u00e9risation et utilisation de l'intelligence artificielle - Le monde du travail en mutation - Chambre des salari\u00e9s - CSL","og_description":"Num\u00e9risation et utilisation de l&rsquo;intelligence artificielle &#8211; Le monde du travail en mutation Date : Mercredi, 29 novembre 2023 \u00e0 18h30 Lieu :\u00a0Chambre des salari\u00e9s, 2-4 rue Pierre Hentges, L-1726 [&hellip;]","og_url":"https:\/\/www.csl.lu\/fr\/calendar-event\/conference-numerisation-et-utilisation-de-lintelligence-artificielle-le-monde-du-travail-en-mutation\/","og_site_name":"Chambre des salari\u00e9s - CSL","article_modified_time":"2023-10-25T11:10:57+00:00","og_image":[{"url":"https:\/\/www.csl.lu\/app\/themes\/csl\/img\/csl_defaut_photo_batiment.jpg","type":"","width":"","height":""},{"url":"https:\/\/www.csl.lu\/app\/uploads\/2023\/10\/conference_ai-300x157.png","type":"","width":"","height":""}],"twitter_card":"summary_large_image","twitter_image":"https:\/\/www.csl.lu\/app\/themes\/csl\/img\/csl_defaut_photo_batiment.jpg","twitter_misc":{"Est. reading time":"3 minutes"},"schema":{"@context":"https:\/\/schema.org","@graph":[{"@type":"WebPage","@id":"https:\/\/www.csl.lu\/fr\/calendar-event\/conference-numerisation-et-utilisation-de-lintelligence-artificielle-le-monde-du-travail-en-mutation\/","url":"https:\/\/www.csl.lu\/fr\/calendar-event\/conference-numerisation-et-utilisation-de-lintelligence-artificielle-le-monde-du-travail-en-mutation\/","name":"Conf\u00e9rence : Num\u00e9risation et utilisation de l'intelligence artificielle - Le monde du travail en mutation - Chambre des salari\u00e9s - CSL","isPartOf":{"@id":"https:\/\/www.csl.lu\/fr\/#website"},"primaryImageOfPage":{"@id":"https:\/\/www.csl.lu\/fr\/calendar-event\/conference-numerisation-et-utilisation-de-lintelligence-artificielle-le-monde-du-travail-en-mutation\/#primaryimage"},"image":{"@id":"https:\/\/www.csl.lu\/fr\/calendar-event\/conference-numerisation-et-utilisation-de-lintelligence-artificielle-le-monde-du-travail-en-mutation\/#primaryimage"},"thumbnailUrl":"https:\/\/www.csl.lu\/app\/uploads\/2023\/10\/conference_ai-300x157.png","datePublished":"2023-10-19T11:54:46+00:00","dateModified":"2023-10-25T11:10:57+00:00","breadcrumb":{"@id":"https:\/\/www.csl.lu\/fr\/calendar-event\/conference-numerisation-et-utilisation-de-lintelligence-artificielle-le-monde-du-travail-en-mutation\/#breadcrumb"},"inLanguage":"fr-FR","potentialAction":[{"@type":"ReadAction","target":["https:\/\/www.csl.lu\/fr\/calendar-event\/conference-numerisation-et-utilisation-de-lintelligence-artificielle-le-monde-du-travail-en-mutation\/"]}]},{"@type":"ImageObject","inLanguage":"fr-FR","@id":"https:\/\/www.csl.lu\/fr\/calendar-event\/conference-numerisation-et-utilisation-de-lintelligence-artificielle-le-monde-du-travail-en-mutation\/#primaryimage","url":"https:\/\/www.csl.lu\/app\/uploads\/2023\/10\/conference_ai-300x157.png","contentUrl":"https:\/\/www.csl.lu\/app\/uploads\/2023\/10\/conference_ai-300x157.png"},{"@type":"BreadcrumbList","@id":"https:\/\/www.csl.lu\/fr\/calendar-event\/conference-numerisation-et-utilisation-de-lintelligence-artificielle-le-monde-du-travail-en-mutation\/#breadcrumb","itemListElement":[{"@type":"ListItem","position":1,"name":"Accueil","item":"https:\/\/www.csl.lu\/fr\/"},{"@type":"ListItem","position":2,"name":"\u00c9v\u00e8nements","item":"https:\/\/www.csl.lu\/fr\/calendar-events\/"},{"@type":"ListItem","position":3,"name":"Conf\u00e9rence : Num\u00e9risation et utilisation de l&#8217;intelligence artificielle &#8211; Le monde du travail en mutation"}]},{"@type":"WebSite","@id":"https:\/\/www.csl.lu\/fr\/#website","url":"https:\/\/www.csl.lu\/fr\/","name":"Chambre des salari\u00e9s - CSL","description":"La CSL d\u00e9fend les int\u00e9r\u00eats des salari\u00e9s et des retrait\u00e9s","potentialAction":[{"@type":"SearchAction","target":{"@type":"EntryPoint","urlTemplate":"https:\/\/www.csl.lu\/fr\/?s={search_term_string}"},"query-input":{"@type":"PropertyValueSpecification","valueRequired":true,"valueName":"search_term_string"}}],"inLanguage":"fr-FR"}]}},"ticketed":["rsvp"],"_links":{"self":[{"href":"https:\/\/www.csl.lu\/fr\/wp-json\/wp\/v2\/tribe_events\/84429","targetHints":{"allow":["GET"]}}],"collection":[{"href":"https:\/\/www.csl.lu\/fr\/wp-json\/wp\/v2\/tribe_events"}],"about":[{"href":"https:\/\/www.csl.lu\/fr\/wp-json\/wp\/v2\/types\/tribe_events"}],"author":[{"embeddable":true,"href":"https:\/\/www.csl.lu\/fr\/wp-json\/wp\/v2\/users\/12"}],"version-history":[{"count":8,"href":"https:\/\/www.csl.lu\/fr\/wp-json\/wp\/v2\/tribe_events\/84429\/revisions"}],"predecessor-version":[{"id":84652,"href":"https:\/\/www.csl.lu\/fr\/wp-json\/wp\/v2\/tribe_events\/84429\/revisions\/84652"}],"wp:attachment":[{"href":"https:\/\/www.csl.lu\/fr\/wp-json\/wp\/v2\/media?parent=84429"}],"wp:term":[{"taxonomy":"post_tag","embeddable":true,"href":"https:\/\/www.csl.lu\/fr\/wp-json\/wp\/v2\/tags?post=84429"},{"taxonomy":"tribe_events_cat","embeddable":true,"href":"https:\/\/www.csl.lu\/fr\/wp-json\/wp\/v2\/tribe_events_cat?post=84429"}],"curies":[{"name":"wp","href":"https:\/\/api.w.org\/{rel}","templated":true}]}}