{"id":87018,"date":"2023-12-21T08:55:39","date_gmt":"2023-12-21T07:55:39","guid":{"rendered":"https:\/\/www.csl.lu\/?post_type=tribe_events&#038;p=87018"},"modified":"2024-01-03T07:34:54","modified_gmt":"2024-01-03T06:34:54","slug":"conference-changer-le-paradigme-des-politiques-economiques","status":"publish","type":"tribe_events","link":"https:\/\/www.csl.lu\/fr\/calendar-event\/conference-changer-le-paradigme-des-politiques-economiques\/","title":{"rendered":"Conf\u00e9rence : Changer le paradigme des politiques \u00e9conomiques"},"content":{"rendered":"<p><img loading=\"lazy\" decoding=\"async\" class=\"alignnone wp-image-87046\" src=\"https:\/\/www.csl.lu\/app\/uploads\/2023\/12\/conference_janssen2024a-300x199.png\" alt=\"\" width=\"547\" height=\"363\" srcset=\"https:\/\/www.csl.lu\/app\/uploads\/2023\/12\/conference_janssen2024a-300x199.png 300w, https:\/\/www.csl.lu\/app\/uploads\/2023\/12\/conference_janssen2024a.png 751w\" sizes=\"auto, (max-width: 547px) 100vw, 547px\" \/><\/p>\n<p><strong>La Chambre des salari\u00e9s a le plaisir de vous inviter \u00e0 la conf\u00e9rence<\/strong><\/p>\n<h2>Changer le paradigme des politiques \u00e9conomiques<\/h2>\n<p><strong>Date :<\/strong> Mardi, 16 janvier 2024 \u00e0 18h30<\/p>\n<p><strong>Lieu :<\/strong>\u00a0Chambre des salari\u00e9s, 2-4 rue Pierre Hentges, L-1726 Luxembourg<\/p>\n<p>&nbsp;<\/p>\n<p>avec\u00a0<strong>Ronald Janssen<\/strong> qui est sp\u00e9cialis\u00e9 dans la politique macro\u00e9conomique et la politique de l\u2019emploi, la n\u00e9gociation collective et la politique salariale et coordonne le groupe de travail du TUAC sur la politique \u00e9conomique.<\/p>\n<p>Il est titulaire d\u2019un dipl\u00f4me en \u00e9conomie appliqu\u00e9e, avec une orientation en macro\u00e9conomie et en \u00e9conomie publique (Universit\u00e9 d\u2019Anvers, Facult\u00e9 St Ignatius, 1981).<\/p>\n<p>&nbsp;<\/p>\n<p><strong>Th\u00e8me de la conf\u00e9rence :<\/strong><\/p>\n<p>Des nouvelles formes de politique \u00e9conomique sont en train d\u2019\u00e9merger dans diff\u00e9rentes parties du monde.<\/p>\n<p>Qu\u2019il s\u2019agit des \u00ab Bidenomics \u00bb aux \u00c9tats-Unis, des \u00ab Nouvelles Formes de Capitalisme \u00bb au Japon, des r\u00e9formes du march\u00e9 de travail ou de la politique anti-inflation en Espagne, toutes ces approches ont quelques principes de base en commun. Tout d\u2019abord, elles rompent avec le vieux paradigme d\u2019un march\u00e9 (de travail) d\u00e9r\u00e9gul\u00e9 et avec le r\u00f4le restreint pour l\u2019initiative publique et les partenaires sociaux. En plus, elles mettent la cause du travail et l\u2019int\u00e9r\u00eat des travailleurs de nouveau au centre de la politique \u00e9conomique.<\/p>\n<p>La pr\u00e9sentation d\u00e9crira comment ces nouvelles formes de politique \u00e9conomique se d\u00e9veloppent<\/p>\n<ul>\n<li>comme r\u00e9ponse aux d\u00e9fis urgents comme le changement climatique, les tensions g\u00e9opolitiques et une \u00e9conomie globale<br \/>\nbeaucoup plus volatile ;<\/li>\n<li>comment elles font face au m\u00eame moment aux d\u00e9fis existants comme les in\u00e9galit\u00e9s et la pr\u00e9carit\u00e9 du travail et<\/li>\n<li>comment elles peuvent de nouveau donner des opportunit\u00e9s aux travailleurs de s\u2019organiser et de renforcer la n\u00e9gociation collective.<\/li>\n<\/ul>\n<p>Une attention particuli\u00e8re sera consacr\u00e9e au r\u00f4le de la politique mon\u00e9taire et au mode de fonctionnement des banques centrales.<\/p>\n<p><em><span style=\"font-size: 10pt;\">La langue utilis\u00e9e lors de la conf\u00e9rence est le fran\u00e7ais. Une traduction en allemand sera assur\u00e9e.<\/span><\/em><br \/>\n<em><span style=\"font-size: 10pt;\">Die Konferenzsprache ist Franz\u00f6sisch. Eine \u00dcbersetzung ins Deutsche ist gew\u00e4hrleistet.<\/span><\/em><\/p>\n<p>Inscription gratuite mais obligatoire.<\/p>\n<p><a href=\"https:\/\/www.csl.lu\/app\/uploads\/2023\/12\/24-01-16-conference-janssen_web.pdf\" target=\"_blank\" rel=\"noopener\">En savoir plus<\/a><\/p>\n","protected":false},"excerpt":{"rendered":"<p>La Chambre des salari\u00e9s a le plaisir de vous inviter \u00e0 la conf\u00e9rence Changer le paradigme des politiques \u00e9conomiques Date : Mardi, 16 janvier 2024 \u00e0 18h30 Lieu :\u00a0Chambre des [&hellip;]<\/p>\n","protected":false},"author":12,"featured_media":0,"template":"","meta":{"_acf_changed":false,"_tec_requires_first_save":false,"inline_featured_image":false,"_price":"","_stock":"","_tribe_ticket_header":"","_tribe_default_ticket_provider":"","_tribe_ticket_capacity":"0","_ticket_start_date":"","_ticket_end_date":"","_tribe_ticket_show_description":"","_tribe_ticket_show_not_going":false,"_tribe_ticket_use_global_stock":"","_tribe_ticket_global_stock_level":"","_global_stock_mode":"","_global_stock_cap":"","_tribe_rsvp_for_event":"","_tribe_ticket_going_count":"","_tribe_ticket_not_going_count":"","_tribe_tickets_list":"[]","_tribe_ticket_has_attendee_info_fields":false,"_EventAllDay":false,"_EventTimezone":"Europe\/Paris","_EventStartDate":"2024-01-16 18:30:00","_EventEndDate":"2024-01-16 20:00:00","_EventStartDateUTC":"2024-01-16 17:30:00","_EventEndDateUTC":"2024-01-16 19:00:00","_EventShowMap":false,"_EventShowMapLink":true,"_EventURL":"","_EventCost":"0","_EventCostDescription":"","_EventCurrencySymbol":"","_EventCurrencyCode":"","_EventCurrencyPosition":"","_EventDateTimeSeparator":"","_EventTimeRangeSeparator":"","_EventOrganizerID":[44885],"_EventVenueID":[44984],"_OrganizerEmail":"","_OrganizerPhone":"","_OrganizerWebsite":"","_VenueAddress":"","_VenueCity":"","_VenueCountry":"","_VenueProvince":"","_VenueState":"","_VenueZip":"","_VenuePhone":"","_VenueURL":"","_VenueStateProvince":"","_VenueLat":"","_VenueLng":"","_VenueShowMap":false,"_VenueShowMapLink":false,"_tribe_blocks_recurrence_rules":"","_tribe_blocks_recurrence_description":"","_tribe_blocks_recurrence_exclusions":"","_tribe_events_status":"","_tribe_events_status_reason":"","_tribe_events_is_hybrid":"","_tribe_events_is_virtual":"","_tribe_events_virtual_video_source":"","_tribe_events_virtual_embed_video":"","_tribe_events_virtual_linked_button_text":"","_tribe_events_virtual_linked_button":"","_tribe_events_virtual_show_embed_at":"","_tribe_events_virtual_show_embed_to":[],"_tribe_events_virtual_show_on_event":"","_tribe_events_virtual_show_on_views":"","_tribe_events_virtual_url":"","footnotes":"","_tec_slr_enabled":"","_tec_slr_layout":""},"tags":[],"tribe_events_cat":[],"class_list":["post-87018","tribe_events","type-tribe_events","status-publish","hentry"],"acf":[],"yoast_head":"<!-- This site is optimized with the Yoast SEO plugin v27.4 - https:\/\/yoast.com\/product\/yoast-seo-wordpress\/ -->\n<title>Conf\u00e9rence : Changer le paradigme des politiques \u00e9conomiques - Chambre des salari\u00e9s - CSL<\/title>\n<meta name=\"robots\" content=\"index, follow, max-snippet:-1, max-image-preview:large, max-video-preview:-1\" \/>\n<link rel=\"canonical\" href=\"https:\/\/www.csl.lu\/fr\/calendar-event\/conference-changer-le-paradigme-des-politiques-economiques\/\" \/>\n<meta property=\"og:locale\" content=\"fr_FR\" \/>\n<meta property=\"og:type\" content=\"article\" \/>\n<meta property=\"og:title\" content=\"Conf\u00e9rence : Changer le paradigme des politiques \u00e9conomiques - Chambre des salari\u00e9s - CSL\" \/>\n<meta property=\"og:description\" content=\"La Chambre des salari\u00e9s a le plaisir de vous inviter \u00e0 la conf\u00e9rence Changer le paradigme des politiques \u00e9conomiques Date : Mardi, 16 janvier 2024 \u00e0 18h30 Lieu :\u00a0Chambre des [&hellip;]\" \/>\n<meta property=\"og:url\" content=\"https:\/\/www.csl.lu\/fr\/calendar-event\/conference-changer-le-paradigme-des-politiques-economiques\/\" \/>\n<meta property=\"og:site_name\" content=\"Chambre des salari\u00e9s - CSL\" \/>\n<meta property=\"article:modified_time\" content=\"2024-01-03T06:34:54+00:00\" \/>\n<meta property=\"og:image\" content=\"https:\/\/www.csl.lu\/app\/themes\/csl\/img\/csl_defaut_photo_batiment.jpg\" \/><meta property=\"og:image\" content=\"https:\/\/www.csl.lu\/app\/uploads\/2023\/12\/conference_janssen2024a-300x199.png\" \/>\n<meta name=\"twitter:card\" content=\"summary_large_image\" \/>\n<meta name=\"twitter:image\" content=\"https:\/\/www.csl.lu\/app\/themes\/csl\/img\/csl_defaut_photo_batiment.jpg\" \/>\n<meta name=\"twitter:label1\" content=\"Est. reading time\" \/>\n\t<meta name=\"twitter:data1\" content=\"2 minutes\" \/>\n<script type=\"application\/ld+json\" class=\"yoast-schema-graph\">{\"@context\":\"https:\\\/\\\/schema.org\",\"@graph\":[{\"@type\":\"WebPage\",\"@id\":\"https:\\\/\\\/www.csl.lu\\\/fr\\\/calendar-event\\\/conference-changer-le-paradigme-des-politiques-economiques\\\/\",\"url\":\"https:\\\/\\\/www.csl.lu\\\/fr\\\/calendar-event\\\/conference-changer-le-paradigme-des-politiques-economiques\\\/\",\"name\":\"Conf\u00e9rence : Changer le paradigme des politiques \u00e9conomiques - Chambre des salari\u00e9s - CSL\",\"isPartOf\":{\"@id\":\"https:\\\/\\\/www.csl.lu\\\/fr\\\/#website\"},\"primaryImageOfPage\":{\"@id\":\"https:\\\/\\\/www.csl.lu\\\/fr\\\/calendar-event\\\/conference-changer-le-paradigme-des-politiques-economiques\\\/#primaryimage\"},\"image\":{\"@id\":\"https:\\\/\\\/www.csl.lu\\\/fr\\\/calendar-event\\\/conference-changer-le-paradigme-des-politiques-economiques\\\/#primaryimage\"},\"thumbnailUrl\":\"https:\\\/\\\/www.csl.lu\\\/app\\\/uploads\\\/2023\\\/12\\\/conference_janssen2024a-300x199.png\",\"datePublished\":\"2023-12-21T07:55:39+00:00\",\"dateModified\":\"2024-01-03T06:34:54+00:00\",\"breadcrumb\":{\"@id\":\"https:\\\/\\\/www.csl.lu\\\/fr\\\/calendar-event\\\/conference-changer-le-paradigme-des-politiques-economiques\\\/#breadcrumb\"},\"inLanguage\":\"fr-FR\",\"potentialAction\":[{\"@type\":\"ReadAction\",\"target\":[\"https:\\\/\\\/www.csl.lu\\\/fr\\\/calendar-event\\\/conference-changer-le-paradigme-des-politiques-economiques\\\/\"]}]},{\"@type\":\"ImageObject\",\"inLanguage\":\"fr-FR\",\"@id\":\"https:\\\/\\\/www.csl.lu\\\/fr\\\/calendar-event\\\/conference-changer-le-paradigme-des-politiques-economiques\\\/#primaryimage\",\"url\":\"https:\\\/\\\/www.csl.lu\\\/app\\\/uploads\\\/2023\\\/12\\\/conference_janssen2024a-300x199.png\",\"contentUrl\":\"https:\\\/\\\/www.csl.lu\\\/app\\\/uploads\\\/2023\\\/12\\\/conference_janssen2024a-300x199.png\"},{\"@type\":\"BreadcrumbList\",\"@id\":\"https:\\\/\\\/www.csl.lu\\\/fr\\\/calendar-event\\\/conference-changer-le-paradigme-des-politiques-economiques\\\/#breadcrumb\",\"itemListElement\":[{\"@type\":\"ListItem\",\"position\":1,\"name\":\"Accueil\",\"item\":\"https:\\\/\\\/www.csl.lu\\\/fr\\\/\"},{\"@type\":\"ListItem\",\"position\":2,\"name\":\"\u00c9v\u00e8nements\",\"item\":\"https:\\\/\\\/www.csl.lu\\\/fr\\\/calendar-events\\\/\"},{\"@type\":\"ListItem\",\"position\":3,\"name\":\"Conf\u00e9rence : Changer le paradigme des politiques \u00e9conomiques\"}]},{\"@type\":\"WebSite\",\"@id\":\"https:\\\/\\\/www.csl.lu\\\/fr\\\/#website\",\"url\":\"https:\\\/\\\/www.csl.lu\\\/fr\\\/\",\"name\":\"Chambre des salari\u00e9s - CSL\",\"description\":\"La CSL d\u00e9fend les int\u00e9r\u00eats des salari\u00e9s et des retrait\u00e9s\",\"potentialAction\":[{\"@type\":\"SearchAction\",\"target\":{\"@type\":\"EntryPoint\",\"urlTemplate\":\"https:\\\/\\\/www.csl.lu\\\/fr\\\/?s={search_term_string}\"},\"query-input\":{\"@type\":\"PropertyValueSpecification\",\"valueRequired\":true,\"valueName\":\"search_term_string\"}}],\"inLanguage\":\"fr-FR\"}]}<\/script>\n<!-- \/ Yoast SEO plugin. -->","yoast_head_json":{"title":"Conf\u00e9rence : Changer le paradigme des politiques \u00e9conomiques - Chambre des salari\u00e9s - CSL","robots":{"index":"index","follow":"follow","max-snippet":"max-snippet:-1","max-image-preview":"max-image-preview:large","max-video-preview":"max-video-preview:-1"},"canonical":"https:\/\/www.csl.lu\/fr\/calendar-event\/conference-changer-le-paradigme-des-politiques-economiques\/","og_locale":"fr_FR","og_type":"article","og_title":"Conf\u00e9rence : Changer le paradigme des politiques \u00e9conomiques - Chambre des salari\u00e9s - CSL","og_description":"La Chambre des salari\u00e9s a le plaisir de vous inviter \u00e0 la conf\u00e9rence Changer le paradigme des politiques \u00e9conomiques Date : Mardi, 16 janvier 2024 \u00e0 18h30 Lieu :\u00a0Chambre des [&hellip;]","og_url":"https:\/\/www.csl.lu\/fr\/calendar-event\/conference-changer-le-paradigme-des-politiques-economiques\/","og_site_name":"Chambre des salari\u00e9s - CSL","article_modified_time":"2024-01-03T06:34:54+00:00","og_image":[{"url":"https:\/\/www.csl.lu\/app\/themes\/csl\/img\/csl_defaut_photo_batiment.jpg","type":"","width":"","height":""},{"url":"https:\/\/www.csl.lu\/app\/uploads\/2023\/12\/conference_janssen2024a-300x199.png","type":"","width":"","height":""}],"twitter_card":"summary_large_image","twitter_image":"https:\/\/www.csl.lu\/app\/themes\/csl\/img\/csl_defaut_photo_batiment.jpg","twitter_misc":{"Est. reading time":"2 minutes"},"schema":{"@context":"https:\/\/schema.org","@graph":[{"@type":"WebPage","@id":"https:\/\/www.csl.lu\/fr\/calendar-event\/conference-changer-le-paradigme-des-politiques-economiques\/","url":"https:\/\/www.csl.lu\/fr\/calendar-event\/conference-changer-le-paradigme-des-politiques-economiques\/","name":"Conf\u00e9rence : Changer le paradigme des politiques \u00e9conomiques - Chambre des salari\u00e9s - CSL","isPartOf":{"@id":"https:\/\/www.csl.lu\/fr\/#website"},"primaryImageOfPage":{"@id":"https:\/\/www.csl.lu\/fr\/calendar-event\/conference-changer-le-paradigme-des-politiques-economiques\/#primaryimage"},"image":{"@id":"https:\/\/www.csl.lu\/fr\/calendar-event\/conference-changer-le-paradigme-des-politiques-economiques\/#primaryimage"},"thumbnailUrl":"https:\/\/www.csl.lu\/app\/uploads\/2023\/12\/conference_janssen2024a-300x199.png","datePublished":"2023-12-21T07:55:39+00:00","dateModified":"2024-01-03T06:34:54+00:00","breadcrumb":{"@id":"https:\/\/www.csl.lu\/fr\/calendar-event\/conference-changer-le-paradigme-des-politiques-economiques\/#breadcrumb"},"inLanguage":"fr-FR","potentialAction":[{"@type":"ReadAction","target":["https:\/\/www.csl.lu\/fr\/calendar-event\/conference-changer-le-paradigme-des-politiques-economiques\/"]}]},{"@type":"ImageObject","inLanguage":"fr-FR","@id":"https:\/\/www.csl.lu\/fr\/calendar-event\/conference-changer-le-paradigme-des-politiques-economiques\/#primaryimage","url":"https:\/\/www.csl.lu\/app\/uploads\/2023\/12\/conference_janssen2024a-300x199.png","contentUrl":"https:\/\/www.csl.lu\/app\/uploads\/2023\/12\/conference_janssen2024a-300x199.png"},{"@type":"BreadcrumbList","@id":"https:\/\/www.csl.lu\/fr\/calendar-event\/conference-changer-le-paradigme-des-politiques-economiques\/#breadcrumb","itemListElement":[{"@type":"ListItem","position":1,"name":"Accueil","item":"https:\/\/www.csl.lu\/fr\/"},{"@type":"ListItem","position":2,"name":"\u00c9v\u00e8nements","item":"https:\/\/www.csl.lu\/fr\/calendar-events\/"},{"@type":"ListItem","position":3,"name":"Conf\u00e9rence : Changer le paradigme des politiques \u00e9conomiques"}]},{"@type":"WebSite","@id":"https:\/\/www.csl.lu\/fr\/#website","url":"https:\/\/www.csl.lu\/fr\/","name":"Chambre des salari\u00e9s - CSL","description":"La CSL d\u00e9fend les int\u00e9r\u00eats des salari\u00e9s et des retrait\u00e9s","potentialAction":[{"@type":"SearchAction","target":{"@type":"EntryPoint","urlTemplate":"https:\/\/www.csl.lu\/fr\/?s={search_term_string}"},"query-input":{"@type":"PropertyValueSpecification","valueRequired":true,"valueName":"search_term_string"}}],"inLanguage":"fr-FR"}]}},"ticketed":["rsvp"],"_links":{"self":[{"href":"https:\/\/www.csl.lu\/fr\/wp-json\/wp\/v2\/tribe_events\/87018","targetHints":{"allow":["GET"]}}],"collection":[{"href":"https:\/\/www.csl.lu\/fr\/wp-json\/wp\/v2\/tribe_events"}],"about":[{"href":"https:\/\/www.csl.lu\/fr\/wp-json\/wp\/v2\/types\/tribe_events"}],"author":[{"embeddable":true,"href":"https:\/\/www.csl.lu\/fr\/wp-json\/wp\/v2\/users\/12"}],"version-history":[{"count":9,"href":"https:\/\/www.csl.lu\/fr\/wp-json\/wp\/v2\/tribe_events\/87018\/revisions"}],"predecessor-version":[{"id":87676,"href":"https:\/\/www.csl.lu\/fr\/wp-json\/wp\/v2\/tribe_events\/87018\/revisions\/87676"}],"wp:attachment":[{"href":"https:\/\/www.csl.lu\/fr\/wp-json\/wp\/v2\/media?parent=87018"}],"wp:term":[{"taxonomy":"post_tag","embeddable":true,"href":"https:\/\/www.csl.lu\/fr\/wp-json\/wp\/v2\/tags?post=87018"},{"taxonomy":"tribe_events_cat","embeddable":true,"href":"https:\/\/www.csl.lu\/fr\/wp-json\/wp\/v2\/tribe_events_cat?post=87018"}],"curies":[{"name":"wp","href":"https:\/\/api.w.org\/{rel}","templated":true}]}}